{"id":1674,"date":"2023-12-28T09:36:12","date_gmt":"2023-12-28T09:36:12","guid":{"rendered":"https:\/\/grundwelle.com.tr\/batterie-ladesysteme\/"},"modified":"2024-02-02T06:52:41","modified_gmt":"2024-02-02T06:52:41","slug":"batterie-ladesysteme","status":"publish","type":"page","link":"https:\/\/grundwelle.com.tr\/de\/batterie-ladesysteme\/","title":{"rendered":"Batterie-Ladesysteme"},"content":{"rendered":"\n\t<section class=\"section\" id=\"section_1605082542\">\n\t\t<div class=\"section-bg fill\" >\n\t\t\t\t\t\t\t\t\t\n\t\t\t\n\n\t\t<\/div>\n\n\t\t\n\n\t\t<div class=\"section-content relative\">\n\t\t\t\n  <div id=\"page-header-1774341377\" class=\"page-header-wrapper\">\n  <div class=\"page-title dark normal-title\">\n\n        <div class=\"page-title-bg\">\n      <div class=\"title-bg fill bg-fill\"\n        data-parallax-container=\".page-title\"\n        data-parallax-background\n        data-parallax=\"-\">\n      <\/div>\n      <div class=\"title-overlay fill\"><\/div>\n    <\/div>\n    \n    <div class=\"page-title-inner container align-bottom flex-row medium-flex-wrap\" >\n              <div class=\"title-wrapper flex-col text-left medium-text-center\">\n          <h1 class=\"entry-title mb-0\">\n            Batterie-Ladesysteme          <\/h1>\n        <\/div>\n                    <div class=\"title-content flex-col flex-right text-right medium-text-center\">\n        <div class=\"title-share pt-half pb-half\"><div class=\"social-icons share-icons share-row relative\" ><a href=\"whatsapp:\/\/send?text=Batterie-Ladesysteme - https:\/\/grundwelle.com.tr\/de\/batterie-ladesysteme\/\" data-action=\"share\/whatsapp\/share\" class=\"icon button circle is-outline tooltip whatsapp show-for-medium\" title=\"Auf WhatsApp teilen\" aria-label=\"Auf WhatsApp teilen\" ><i class=\"icon-whatsapp\" ><\/i><\/a><a href=\"https:\/\/www.facebook.com\/sharer.php?u=https:\/\/grundwelle.com.tr\/de\/batterie-ladesysteme\/\" data-label=\"Facebook\" onclick=\"window.open(this.href,this.title,'width=500,height=500,top=300px,left=300px'); return false;\" target=\"_blank\" class=\"icon button circle is-outline tooltip facebook\" title=\"Auf Facebook teilen\" aria-label=\"Auf Facebook teilen\" rel=\"noopener nofollow\" ><i class=\"icon-facebook\" ><\/i><\/a><a href=\"https:\/\/twitter.com\/share?url=https:\/\/grundwelle.com.tr\/de\/batterie-ladesysteme\/\" onclick=\"window.open(this.href,this.title,'width=500,height=500,top=300px,left=300px'); return false;\" target=\"_blank\" class=\"icon button circle is-outline tooltip twitter\" title=\"Auf Twitter teilen\" aria-label=\"Auf Twitter teilen\" rel=\"noopener nofollow\" ><i class=\"icon-twitter\" ><\/i><\/a><a href=\"mailto:?subject=Batterie-Ladesysteme&body=Schau%20dir%20das%20an%3A%20https%3A%2F%2Fgrundwelle.com.tr%2Fde%2Fbatterie-ladesysteme%2F\" class=\"icon button circle is-outline tooltip email\" title=\"E-mail an einen Freund senden\" aria-label=\"E-mail an einen Freund senden\" rel=\"nofollow\" ><i class=\"icon-envelop\" ><\/i><\/a><a href=\"https:\/\/pinterest.com\/pin\/create\/button?url=https:\/\/grundwelle.com.tr\/de\/batterie-ladesysteme\/&media&description=Batterie-Ladesysteme\" onclick=\"window.open(this.href,this.title,'width=500,height=500,top=300px,left=300px'); return false;\" target=\"_blank\" class=\"icon button circle is-outline tooltip pinterest\" title=\"Pinterest Pin erstellen\" aria-label=\"Pinterest Pin erstellen\" rel=\"noopener nofollow\" ><i class=\"icon-pinterest\" ><\/i><\/a><a href=\"https:\/\/www.linkedin.com\/shareArticle?mini=true&url=https:\/\/grundwelle.com.tr\/de\/batterie-ladesysteme\/&title=Batterie-Ladesysteme\" onclick=\"window.open(this.href,this.title,'width=500,height=500,top=300px,left=300px'); return false;\" target=\"_blank\" class=\"icon button circle is-outline tooltip linkedin\" title=\"Auf LinkedIn teilen\" aria-label=\"Auf LinkedIn teilen\" rel=\"noopener nofollow\" ><i class=\"icon-linkedin\" ><\/i><\/a><\/div><\/div>      <\/div>\n    <\/div>\n\n     \n<style>\n#page-header-1774341377 .page-title-inner {\n  min-height: 300px;\n}\n#page-header-1774341377 .title-bg {\n  background-image: url(https:\/\/grundwelle.com.tr\/wp-content\/uploads\/2023\/12\/grundwelle-slide.jpg);\n}\n<\/style>\n  <\/div>\n    <\/div>\n  \n\t\t<\/div>\n\n\t\t\n<style>\n#section_1605082542 {\n  padding-top: 0px;\n  padding-bottom: 0px;\n}\n<\/style>\n\t<\/section>\n\t\n\n\t<section class=\"section\" id=\"section_2112775554\">\n\t\t<div class=\"section-bg fill\" >\n\t\t\t\t\t\t\t\t\t\n\t\t\t\n\n\t\t<\/div>\n\n\t\t\n\n\t\t<div class=\"section-content relative\">\n\t\t\t\n<div class=\"row\"  id=\"row-24948241\">\n\n\t<div id=\"col-1740861626\" class=\"col small-12 large-12\"  >\n\t\t\t\t<div class=\"col-inner\"  >\n\t\t\t\n\t\t\t\n<div class=\"row\"  id=\"row-2097927143\">\n\n\t<div id=\"col-2096593062\" class=\"col small-12 large-12\"  >\n\t\t\t\t<div class=\"col-inner\"  >\n\t\t\t\n\t\t\t\n<h2><span style=\"color: #333333;\">VERWANDTE PRODUKTE<\/span><\/h2>\n\t\t<\/div>\n\t\t\t\t\t<\/div>\n\n\t\n<\/div>\n\t\n  \n    <div class=\"row large-columns-4 medium-columns-3 small-columns-2 row-small has-shadow row-box-shadow-1 row-box-shadow-2-hover\" >\n  \n\t     <div class=\"product-small col has-hover product type-product post-2521 status-publish first instock product_cat-sarj-aletleri product_cat-tum-urunler has-post-thumbnail shipping-taxable product-type-simple\">\n\t<div class=\"col-inner\">\n\t\n<div class=\"badge-container absolute left top z-1\">\n\n<\/div>\n\t<div class=\"product-small box \">\n\t\t<div class=\"box-image\">\n\t\t\t<div class=\"image-zoom\">\n\t\t\t\t<a href=\"https:\/\/grundwelle.com.tr\/de\/urun\/72v-60-80ah-elektrikli-motor-sarj-aleti\/\" aria-label=\"72V 60-80AH Elektrikli Motor \u015earj Aleti\">\n\t\t\t\t\t<img loading=\"lazy\" decoding=\"async\" width=\"300\" height=\"300\" src=\"https:\/\/grundwelle.com.tr\/wp-content\/uploads\/2024\/10\/72V-80-24AH-Elektrikli-Motor-Sarj-Aleti-300x300.png\" class=\"attachment-woocommerce_thumbnail size-woocommerce_thumbnail\" alt=\"Elektrikli Motorlar \u0130\u00e7in En \u0130yi 12V 80Ah Ak\u00fc ve \u015earj Aleti\" srcset=\"https:\/\/grundwelle.com.tr\/wp-content\/uploads\/2024\/10\/72V-80-24AH-Elektrikli-Motor-Sarj-Aleti-300x300.png 300w, https:\/\/grundwelle.com.tr\/wp-content\/uploads\/2024\/10\/72V-80-24AH-Elektrikli-Motor-Sarj-Aleti-150x150.png 150w, https:\/\/grundwelle.com.tr\/wp-content\/uploads\/2024\/10\/72V-80-24AH-Elektrikli-Motor-Sarj-Aleti-100x100.png 100w, https:\/\/grundwelle.com.tr\/wp-content\/uploads\/2024\/10\/72V-80-24AH-Elektrikli-Motor-Sarj-Aleti.png 500w\" sizes=\"auto, (max-width: 300px) 100vw, 300px\" \/>\t\t\t\t<\/a>\n\t\t\t<\/div>\n\t\t\t<div class=\"image-tools is-small top right show-on-hover\">\n\t\t\t\t\t\t\t<\/div>\n\t\t\t<div class=\"image-tools is-small hide-for-small bottom left show-on-hover\">\n\t\t\t\t\t\t\t<\/div>\n\t\t\t<div class=\"image-tools grid-tools text-center hide-for-small bottom hover-slide-in show-on-hover\">\n\t\t\t\t\t\t\t<\/div>\n\t\t\t\t\t<\/div>\n\n\t\t<div class=\"box-text box-text-products\">\n\t\t\t<div class=\"title-wrapper\"><p class=\"name product-title woocommerce-loop-product__title\"><a href=\"https:\/\/grundwelle.com.tr\/de\/urun\/72v-60-80ah-elektrikli-motor-sarj-aleti\/\" class=\"woocommerce-LoopProduct-link woocommerce-loop-product__link\">72V 60-80AH Elektrikli Motor \u015earj Aleti<\/a><\/p><\/div><div class=\"price-wrapper\"><\/div>\t\t<\/div>\n\t<\/div>\n\t<span class=\"gtm4wp_productdata\" style=\"display:none; visibility:hidden;\" data-gtm4wp_product_data=\"{&quot;internal_id&quot;:2521,&quot;item_id&quot;:2521,&quot;item_name&quot;:&quot;72V 60-80AH Elektrikli Motor \\u015earj Aleti&quot;,&quot;sku&quot;:2521,&quot;price&quot;:0,&quot;stocklevel&quot;:null,&quot;stockstatus&quot;:&quot;instock&quot;,&quot;google_business_vertical&quot;:&quot;retail&quot;,&quot;item_category&quot;:&quot;\\u015earj Aletleri&quot;,&quot;id&quot;:2521,&quot;productlink&quot;:&quot;https:\\\/\\\/grundwelle.com.tr\\\/de\\\/urun\\\/72v-60-80ah-elektrikli-motor-sarj-aleti\\\/&quot;,&quot;item_list_name&quot;:&quot;General Product List&quot;,&quot;index&quot;:1,&quot;product_type&quot;:&quot;simple&quot;,&quot;item_brand&quot;:&quot;&quot;}\"><\/span>\t<\/div>\n<\/div><div class=\"product-small col has-hover product type-product post-2522 status-publish instock product_cat-sarj-aletleri product_cat-tum-urunler has-post-thumbnail shipping-taxable product-type-simple\">\n\t<div class=\"col-inner\">\n\t\n<div class=\"badge-container absolute left top z-1\">\n\n<\/div>\n\t<div class=\"product-small box \">\n\t\t<div class=\"box-image\">\n\t\t\t<div class=\"image-zoom\">\n\t\t\t\t<a href=\"https:\/\/grundwelle.com.tr\/de\/urun\/12v-24v-aku-sarj-aleti\/\" aria-label=\"12V-24V Ak\u00fc \u015earj Aleti\">\n\t\t\t\t\t<img loading=\"lazy\" decoding=\"async\" width=\"300\" height=\"300\" src=\"https:\/\/grundwelle.com.tr\/wp-content\/uploads\/2024\/10\/1-3-300x300.png\" class=\"attachment-woocommerce_thumbnail size-woocommerce_thumbnail\" alt=\"60V 20AH Elektrikli Motor \u015earj Aleti\" srcset=\"https:\/\/grundwelle.com.tr\/wp-content\/uploads\/2024\/10\/1-3-300x300.png 300w, https:\/\/grundwelle.com.tr\/wp-content\/uploads\/2024\/10\/1-3-150x150.png 150w, https:\/\/grundwelle.com.tr\/wp-content\/uploads\/2024\/10\/1-3-100x100.png 100w, https:\/\/grundwelle.com.tr\/wp-content\/uploads\/2024\/10\/1-3.png 500w\" sizes=\"auto, (max-width: 300px) 100vw, 300px\" \/>\t\t\t\t<\/a>\n\t\t\t<\/div>\n\t\t\t<div class=\"image-tools is-small top right show-on-hover\">\n\t\t\t\t\t\t\t<\/div>\n\t\t\t<div class=\"image-tools is-small hide-for-small bottom left show-on-hover\">\n\t\t\t\t\t\t\t<\/div>\n\t\t\t<div class=\"image-tools grid-tools text-center hide-for-small bottom hover-slide-in show-on-hover\">\n\t\t\t\t\t\t\t<\/div>\n\t\t\t\t\t<\/div>\n\n\t\t<div class=\"box-text box-text-products\">\n\t\t\t<div class=\"title-wrapper\"><p class=\"name product-title woocommerce-loop-product__title\"><a href=\"https:\/\/grundwelle.com.tr\/de\/urun\/12v-24v-aku-sarj-aleti\/\" class=\"woocommerce-LoopProduct-link woocommerce-loop-product__link\">12V-24V Ak\u00fc \u015earj Aleti<\/a><\/p><\/div><div class=\"price-wrapper\"><\/div>\t\t<\/div>\n\t<\/div>\n\t<span class=\"gtm4wp_productdata\" style=\"display:none; visibility:hidden;\" data-gtm4wp_product_data=\"{&quot;internal_id&quot;:2522,&quot;item_id&quot;:2522,&quot;item_name&quot;:&quot;12V-24V Ak\\u00fc \\u015earj Aleti&quot;,&quot;sku&quot;:2522,&quot;price&quot;:0,&quot;stocklevel&quot;:null,&quot;stockstatus&quot;:&quot;instock&quot;,&quot;google_business_vertical&quot;:&quot;retail&quot;,&quot;item_category&quot;:&quot;\\u015earj Aletleri&quot;,&quot;id&quot;:2522,&quot;productlink&quot;:&quot;https:\\\/\\\/grundwelle.com.tr\\\/de\\\/urun\\\/12v-24v-aku-sarj-aleti\\\/&quot;,&quot;item_list_name&quot;:&quot;General Product List&quot;,&quot;index&quot;:2,&quot;product_type&quot;:&quot;simple&quot;,&quot;item_brand&quot;:&quot;&quot;}\"><\/span>\t<\/div>\n<\/div><div class=\"product-small col has-hover product type-product post-2517 status-publish instock product_cat-sarj-aletleri product_cat-tum-urunler has-post-thumbnail shipping-taxable product-type-simple\">\n\t<div class=\"col-inner\">\n\t\n<div class=\"badge-container absolute left top z-1\">\n\n<\/div>\n\t<div class=\"product-small box \">\n\t\t<div class=\"box-image\">\n\t\t\t<div class=\"image-zoom\">\n\t\t\t\t<a href=\"https:\/\/grundwelle.com.tr\/de\/urun\/48v-14ah-elektrikli-motor-sarj-aleti\/\" aria-label=\"48V 14AH Elektrikli Motor \u015earj Aleti\">\n\t\t\t\t\t<img loading=\"lazy\" decoding=\"async\" width=\"300\" height=\"300\" src=\"https:\/\/grundwelle.com.tr\/wp-content\/uploads\/2024\/10\/1-1-300x300.png\" class=\"attachment-woocommerce_thumbnail size-woocommerce_thumbnail\" alt=\"48V 14Ah \u015earj Aleti\" srcset=\"https:\/\/grundwelle.com.tr\/wp-content\/uploads\/2024\/10\/1-1-300x300.png 300w, https:\/\/grundwelle.com.tr\/wp-content\/uploads\/2024\/10\/1-1-150x150.png 150w, https:\/\/grundwelle.com.tr\/wp-content\/uploads\/2024\/10\/1-1-100x100.png 100w, https:\/\/grundwelle.com.tr\/wp-content\/uploads\/2024\/10\/1-1.png 500w\" sizes=\"auto, (max-width: 300px) 100vw, 300px\" \/>\t\t\t\t<\/a>\n\t\t\t<\/div>\n\t\t\t<div class=\"image-tools is-small top right show-on-hover\">\n\t\t\t\t\t\t\t<\/div>\n\t\t\t<div class=\"image-tools is-small hide-for-small bottom left show-on-hover\">\n\t\t\t\t\t\t\t<\/div>\n\t\t\t<div class=\"image-tools grid-tools text-center hide-for-small bottom hover-slide-in show-on-hover\">\n\t\t\t\t\t\t\t<\/div>\n\t\t\t\t\t<\/div>\n\n\t\t<div class=\"box-text box-text-products\">\n\t\t\t<div class=\"title-wrapper\"><p class=\"name product-title woocommerce-loop-product__title\"><a href=\"https:\/\/grundwelle.com.tr\/de\/urun\/48v-14ah-elektrikli-motor-sarj-aleti\/\" class=\"woocommerce-LoopProduct-link woocommerce-loop-product__link\">48V 14AH Elektrikli Motor \u015earj Aleti<\/a><\/p><\/div><div class=\"price-wrapper\"><\/div>\t\t<\/div>\n\t<\/div>\n\t<span class=\"gtm4wp_productdata\" style=\"display:none; visibility:hidden;\" data-gtm4wp_product_data=\"{&quot;internal_id&quot;:2517,&quot;item_id&quot;:2517,&quot;item_name&quot;:&quot;48V 14AH Elektrikli Motor \\u015earj Aleti&quot;,&quot;sku&quot;:2517,&quot;price&quot;:0,&quot;stocklevel&quot;:null,&quot;stockstatus&quot;:&quot;instock&quot;,&quot;google_business_vertical&quot;:&quot;retail&quot;,&quot;item_category&quot;:&quot;\\u015earj Aletleri&quot;,&quot;id&quot;:2517,&quot;productlink&quot;:&quot;https:\\\/\\\/grundwelle.com.tr\\\/de\\\/urun\\\/48v-14ah-elektrikli-motor-sarj-aleti\\\/&quot;,&quot;item_list_name&quot;:&quot;General Product List&quot;,&quot;index&quot;:3,&quot;product_type&quot;:&quot;simple&quot;,&quot;item_brand&quot;:&quot;&quot;}\"><\/span>\t<\/div>\n<\/div><div class=\"product-small col has-hover product type-product post-2518 status-publish last instock product_cat-sarj-aletleri product_cat-tum-urunler has-post-thumbnail shipping-taxable product-type-simple\">\n\t<div class=\"col-inner\">\n\t\n<div class=\"badge-container absolute left top z-1\">\n\n<\/div>\n\t<div class=\"product-small box \">\n\t\t<div class=\"box-image\">\n\t\t\t<div class=\"image-zoom\">\n\t\t\t\t<a href=\"https:\/\/grundwelle.com.tr\/de\/urun\/48v-20-24ah-elektrikli-motor-sarj-aleti\/\" aria-label=\"48V 20-24AH Elektrikli Motor \u015earj Aleti\">\n\t\t\t\t\t<img loading=\"lazy\" decoding=\"async\" width=\"300\" height=\"300\" src=\"https:\/\/grundwelle.com.tr\/wp-content\/uploads\/2024\/10\/1-1-300x300.png\" class=\"attachment-woocommerce_thumbnail size-woocommerce_thumbnail\" alt=\"48V 14Ah \u015earj Aleti\" srcset=\"https:\/\/grundwelle.com.tr\/wp-content\/uploads\/2024\/10\/1-1-300x300.png 300w, https:\/\/grundwelle.com.tr\/wp-content\/uploads\/2024\/10\/1-1-150x150.png 150w, https:\/\/grundwelle.com.tr\/wp-content\/uploads\/2024\/10\/1-1-100x100.png 100w, https:\/\/grundwelle.com.tr\/wp-content\/uploads\/2024\/10\/1-1.png 500w\" sizes=\"auto, (max-width: 300px) 100vw, 300px\" \/>\t\t\t\t<\/a>\n\t\t\t<\/div>\n\t\t\t<div class=\"image-tools is-small top right show-on-hover\">\n\t\t\t\t\t\t\t<\/div>\n\t\t\t<div class=\"image-tools is-small hide-for-small bottom left show-on-hover\">\n\t\t\t\t\t\t\t<\/div>\n\t\t\t<div class=\"image-tools grid-tools text-center hide-for-small bottom hover-slide-in show-on-hover\">\n\t\t\t\t\t\t\t<\/div>\n\t\t\t\t\t<\/div>\n\n\t\t<div class=\"box-text box-text-products\">\n\t\t\t<div class=\"title-wrapper\"><p class=\"name product-title woocommerce-loop-product__title\"><a href=\"https:\/\/grundwelle.com.tr\/de\/urun\/48v-20-24ah-elektrikli-motor-sarj-aleti\/\" class=\"woocommerce-LoopProduct-link woocommerce-loop-product__link\">48V 20-24AH Elektrikli Motor \u015earj Aleti<\/a><\/p><\/div><div class=\"price-wrapper\"><\/div>\t\t<\/div>\n\t<\/div>\n\t<span class=\"gtm4wp_productdata\" style=\"display:none; visibility:hidden;\" data-gtm4wp_product_data=\"{&quot;internal_id&quot;:2518,&quot;item_id&quot;:2518,&quot;item_name&quot;:&quot;48V 20-24AH Elektrikli Motor \\u015earj Aleti&quot;,&quot;sku&quot;:2518,&quot;price&quot;:0,&quot;stocklevel&quot;:null,&quot;stockstatus&quot;:&quot;instock&quot;,&quot;google_business_vertical&quot;:&quot;retail&quot;,&quot;item_category&quot;:&quot;\\u015earj Aletleri&quot;,&quot;id&quot;:2518,&quot;productlink&quot;:&quot;https:\\\/\\\/grundwelle.com.tr\\\/de\\\/urun\\\/48v-20-24ah-elektrikli-motor-sarj-aleti\\\/&quot;,&quot;item_list_name&quot;:&quot;General Product List&quot;,&quot;index&quot;:4,&quot;product_type&quot;:&quot;simple&quot;,&quot;item_brand&quot;:&quot;&quot;}\"><\/span>\t<\/div>\n<\/div><div class=\"product-small col has-hover product type-product post-2519 status-publish first instock product_cat-sarj-aletleri product_cat-tum-urunler has-post-thumbnail shipping-taxable product-type-simple\">\n\t<div class=\"col-inner\">\n\t\n<div class=\"badge-container absolute left top z-1\">\n\n<\/div>\n\t<div class=\"product-small box \">\n\t\t<div class=\"box-image\">\n\t\t\t<div class=\"image-zoom\">\n\t\t\t\t<a href=\"https:\/\/grundwelle.com.tr\/de\/urun\/60v-20-24ah-elektrikli-motor-sarj-aleti\/\" aria-label=\"60V 20-24AH Elektrikli Motor \u015earj Aleti\">\n\t\t\t\t\t<img loading=\"lazy\" decoding=\"async\" width=\"300\" height=\"300\" src=\"https:\/\/grundwelle.com.tr\/wp-content\/uploads\/2024\/10\/Elektrikli-Bisiklet-Akusu-1-300x300.png\" class=\"attachment-woocommerce_thumbnail size-woocommerce_thumbnail\" alt=\"72v 20ah \u015earj Aleti\" srcset=\"https:\/\/grundwelle.com.tr\/wp-content\/uploads\/2024\/10\/Elektrikli-Bisiklet-Akusu-1-300x300.png 300w, https:\/\/grundwelle.com.tr\/wp-content\/uploads\/2024\/10\/Elektrikli-Bisiklet-Akusu-1-150x150.png 150w, https:\/\/grundwelle.com.tr\/wp-content\/uploads\/2024\/10\/Elektrikli-Bisiklet-Akusu-1-100x100.png 100w\" sizes=\"auto, (max-width: 300px) 100vw, 300px\" \/>\t\t\t\t<\/a>\n\t\t\t<\/div>\n\t\t\t<div class=\"image-tools is-small top right show-on-hover\">\n\t\t\t\t\t\t\t<\/div>\n\t\t\t<div class=\"image-tools is-small hide-for-small bottom left show-on-hover\">\n\t\t\t\t\t\t\t<\/div>\n\t\t\t<div class=\"image-tools grid-tools text-center hide-for-small bottom hover-slide-in show-on-hover\">\n\t\t\t\t\t\t\t<\/div>\n\t\t\t\t\t<\/div>\n\n\t\t<div class=\"box-text box-text-products\">\n\t\t\t<div class=\"title-wrapper\"><p class=\"name product-title woocommerce-loop-product__title\"><a href=\"https:\/\/grundwelle.com.tr\/de\/urun\/60v-20-24ah-elektrikli-motor-sarj-aleti\/\" class=\"woocommerce-LoopProduct-link woocommerce-loop-product__link\">60V 20-24AH Elektrikli Motor \u015earj Aleti<\/a><\/p><\/div><div class=\"price-wrapper\"><\/div>\t\t<\/div>\n\t<\/div>\n\t<span class=\"gtm4wp_productdata\" style=\"display:none; visibility:hidden;\" data-gtm4wp_product_data=\"{&quot;internal_id&quot;:2519,&quot;item_id&quot;:2519,&quot;item_name&quot;:&quot;60V 20-24AH Elektrikli Motor \\u015earj Aleti&quot;,&quot;sku&quot;:2519,&quot;price&quot;:0,&quot;stocklevel&quot;:null,&quot;stockstatus&quot;:&quot;instock&quot;,&quot;google_business_vertical&quot;:&quot;retail&quot;,&quot;item_category&quot;:&quot;\\u015earj Aletleri&quot;,&quot;id&quot;:2519,&quot;productlink&quot;:&quot;https:\\\/\\\/grundwelle.com.tr\\\/de\\\/urun\\\/60v-20-24ah-elektrikli-motor-sarj-aleti\\\/&quot;,&quot;item_list_name&quot;:&quot;General Product List&quot;,&quot;index&quot;:5,&quot;product_type&quot;:&quot;simple&quot;,&quot;item_brand&quot;:&quot;&quot;}\"><\/span>\t<\/div>\n<\/div><div class=\"product-small col has-hover product type-product post-2520 status-publish instock product_cat-sarj-aletleri product_cat-tum-urunler has-post-thumbnail shipping-taxable product-type-simple\">\n\t<div class=\"col-inner\">\n\t\n<div class=\"badge-container absolute left top z-1\">\n\n<\/div>\n\t<div class=\"product-small box \">\n\t\t<div class=\"box-image\">\n\t\t\t<div class=\"image-zoom\">\n\t\t\t\t<a href=\"https:\/\/grundwelle.com.tr\/de\/urun\/72v-20-24ah-elektrikli-motor-sarj-aleti\/\" aria-label=\"72V 20-24AH Elektrikli Motor \u015earj Aleti\">\n\t\t\t\t\t<img loading=\"lazy\" decoding=\"async\" width=\"300\" height=\"300\" src=\"https:\/\/grundwelle.com.tr\/wp-content\/uploads\/2024\/10\/Elektrikli-Bisiklet-Akusu-1-300x300.png\" class=\"attachment-woocommerce_thumbnail size-woocommerce_thumbnail\" alt=\"72v 20ah \u015earj Aleti\" srcset=\"https:\/\/grundwelle.com.tr\/wp-content\/uploads\/2024\/10\/Elektrikli-Bisiklet-Akusu-1-300x300.png 300w, https:\/\/grundwelle.com.tr\/wp-content\/uploads\/2024\/10\/Elektrikli-Bisiklet-Akusu-1-150x150.png 150w, https:\/\/grundwelle.com.tr\/wp-content\/uploads\/2024\/10\/Elektrikli-Bisiklet-Akusu-1-100x100.png 100w\" sizes=\"auto, (max-width: 300px) 100vw, 300px\" \/>\t\t\t\t<\/a>\n\t\t\t<\/div>\n\t\t\t<div class=\"image-tools is-small top right show-on-hover\">\n\t\t\t\t\t\t\t<\/div>\n\t\t\t<div class=\"image-tools is-small hide-for-small bottom left show-on-hover\">\n\t\t\t\t\t\t\t<\/div>\n\t\t\t<div class=\"image-tools grid-tools text-center hide-for-small bottom hover-slide-in show-on-hover\">\n\t\t\t\t\t\t\t<\/div>\n\t\t\t\t\t<\/div>\n\n\t\t<div class=\"box-text box-text-products\">\n\t\t\t<div class=\"title-wrapper\"><p class=\"name product-title woocommerce-loop-product__title\"><a href=\"https:\/\/grundwelle.com.tr\/de\/urun\/72v-20-24ah-elektrikli-motor-sarj-aleti\/\" class=\"woocommerce-LoopProduct-link woocommerce-loop-product__link\">72V 20-24AH Elektrikli Motor \u015earj Aleti<\/a><\/p><\/div><div class=\"price-wrapper\"><\/div>\t\t<\/div>\n\t<\/div>\n\t<span class=\"gtm4wp_productdata\" style=\"display:none; visibility:hidden;\" data-gtm4wp_product_data=\"{&quot;internal_id&quot;:2520,&quot;item_id&quot;:2520,&quot;item_name&quot;:&quot;72V 20-24AH Elektrikli Motor \\u015earj Aleti&quot;,&quot;sku&quot;:2520,&quot;price&quot;:0,&quot;stocklevel&quot;:null,&quot;stockstatus&quot;:&quot;instock&quot;,&quot;google_business_vertical&quot;:&quot;retail&quot;,&quot;item_category&quot;:&quot;\\u015earj Aletleri&quot;,&quot;id&quot;:2520,&quot;productlink&quot;:&quot;https:\\\/\\\/grundwelle.com.tr\\\/de\\\/urun\\\/72v-20-24ah-elektrikli-motor-sarj-aleti\\\/&quot;,&quot;item_list_name&quot;:&quot;General Product List&quot;,&quot;index&quot;:6,&quot;product_type&quot;:&quot;simple&quot;,&quot;item_brand&quot;:&quot;&quot;}\"><\/span>\t<\/div>\n<\/div><div class=\"product-small col has-hover product type-product post-2407 status-publish instock product_cat-12v-2-3ah-aku product_cat-bakimsiz-kuru-tip-akuler product_cat-ritar-aku product_cat-rt-serisi has-post-thumbnail shipping-taxable product-type-simple\">\n\t<div class=\"col-inner\">\n\t\n<div class=\"badge-container absolute left top z-1\">\n\n<\/div>\n\t<div class=\"product-small box \">\n\t\t<div class=\"box-image\">\n\t\t\t<div class=\"image-zoom\">\n\t\t\t\t<a href=\"https:\/\/grundwelle.com.tr\/de\/urun\/rt1223-12v-2-3ah-tam-bakimsiz-kuru-tip-agm-aku-2\/\" aria-label=\"RT1223 12V 2.3Ah Tam Bak\u0131ms\u0131z Kuru Tip AGM Ak\u00fc\">\n\t\t\t\t\t<img loading=\"lazy\" decoding=\"async\" width=\"300\" height=\"300\" src=\"https:\/\/grundwelle.com.tr\/wp-content\/uploads\/2023\/12\/RT1223-300x300.jpg\" class=\"attachment-woocommerce_thumbnail size-woocommerce_thumbnail\" alt=\"RT1223\" srcset=\"https:\/\/grundwelle.com.tr\/wp-content\/uploads\/2023\/12\/RT1223-300x300.jpg 300w, https:\/\/grundwelle.com.tr\/wp-content\/uploads\/2023\/12\/RT1223-150x150.jpg 150w, https:\/\/grundwelle.com.tr\/wp-content\/uploads\/2023\/12\/RT1223-100x100.jpg 100w, https:\/\/grundwelle.com.tr\/wp-content\/uploads\/2023\/12\/RT1223.jpg 400w\" sizes=\"auto, (max-width: 300px) 100vw, 300px\" \/>\t\t\t\t<\/a>\n\t\t\t<\/div>\n\t\t\t<div class=\"image-tools is-small top right show-on-hover\">\n\t\t\t\t\t\t\t<\/div>\n\t\t\t<div class=\"image-tools is-small hide-for-small bottom left show-on-hover\">\n\t\t\t\t\t\t\t<\/div>\n\t\t\t<div class=\"image-tools grid-tools text-center hide-for-small bottom hover-slide-in show-on-hover\">\n\t\t\t\t\t\t\t<\/div>\n\t\t\t\t\t<\/div>\n\n\t\t<div class=\"box-text box-text-products\">\n\t\t\t<div class=\"title-wrapper\"><p class=\"name product-title woocommerce-loop-product__title\"><a href=\"https:\/\/grundwelle.com.tr\/de\/urun\/rt1223-12v-2-3ah-tam-bakimsiz-kuru-tip-agm-aku-2\/\" class=\"woocommerce-LoopProduct-link woocommerce-loop-product__link\">RT1223 12V 2.3Ah Tam Bak\u0131ms\u0131z Kuru Tip AGM Ak\u00fc<\/a><\/p><\/div><div class=\"price-wrapper\"><\/div>\t\t<\/div>\n\t<\/div>\n\t<span class=\"gtm4wp_productdata\" style=\"display:none; visibility:hidden;\" data-gtm4wp_product_data=\"{&quot;internal_id&quot;:2407,&quot;item_id&quot;:2407,&quot;item_name&quot;:&quot;RT1223 12V 2.3Ah Tam Bak\\u0131ms\\u0131z Kuru Tip AGM Ak\\u00fc&quot;,&quot;sku&quot;:2407,&quot;price&quot;:0,&quot;stocklevel&quot;:null,&quot;stockstatus&quot;:&quot;instock&quot;,&quot;google_business_vertical&quot;:&quot;retail&quot;,&quot;item_category&quot;:&quot;RT Serisi&quot;,&quot;id&quot;:2407,&quot;productlink&quot;:&quot;https:\\\/\\\/grundwelle.com.tr\\\/de\\\/urun\\\/rt1223-12v-2-3ah-tam-bakimsiz-kuru-tip-agm-aku-2\\\/&quot;,&quot;item_list_name&quot;:&quot;General Product List&quot;,&quot;index&quot;:7,&quot;product_type&quot;:&quot;simple&quot;,&quot;item_brand&quot;:&quot;&quot;}\"><\/span>\t<\/div>\n<\/div><div class=\"product-small col has-hover product type-product post-1773 status-publish last instock product_cat-bb-dzf-serie product_cat-blackbatt-de product_cat-elektrofahrrad-batterien product_cat-gel-batterien product_cat-motivsystem-batterien has-post-thumbnail shipping-taxable product-type-simple\">\n\t<div class=\"col-inner\">\n\t\n<div class=\"badge-container absolute left top z-1\">\n\n<\/div>\n\t<div class=\"product-small box \">\n\t\t<div class=\"box-image\">\n\t\t\t<div class=\"image-zoom\">\n\t\t\t\t<a href=\"https:\/\/grundwelle.com.tr\/de\/urun\/blackbatt-bb80-6-evf-12v-80ah-elektromotorrad-batterie\/\" aria-label=\"Blackbatt BB80-6 EVF 12V 80Ah Elektromotorrad Batterie\">\n\t\t\t\t\t<img loading=\"lazy\" decoding=\"async\" width=\"300\" height=\"300\" src=\"https:\/\/grundwelle.com.tr\/wp-content\/uploads\/2024\/02\/BB80-6-EVF-300x300.jpg\" class=\"attachment-woocommerce_thumbnail size-woocommerce_thumbnail\" alt=\"End\u00fcstriyel Enerji Sistemlerinde Jel Ak\u00fcler\" srcset=\"https:\/\/grundwelle.com.tr\/wp-content\/uploads\/2024\/02\/BB80-6-EVF-300x300.jpg 300w, https:\/\/grundwelle.com.tr\/wp-content\/uploads\/2024\/02\/BB80-6-EVF-150x150.jpg 150w, https:\/\/grundwelle.com.tr\/wp-content\/uploads\/2024\/02\/BB80-6-EVF-100x100.jpg 100w\" sizes=\"auto, (max-width: 300px) 100vw, 300px\" \/>\t\t\t\t<\/a>\n\t\t\t<\/div>\n\t\t\t<div class=\"image-tools is-small top right show-on-hover\">\n\t\t\t\t\t\t\t<\/div>\n\t\t\t<div class=\"image-tools is-small hide-for-small bottom left show-on-hover\">\n\t\t\t\t\t\t\t<\/div>\n\t\t\t<div class=\"image-tools grid-tools text-center hide-for-small bottom hover-slide-in show-on-hover\">\n\t\t\t\t\t\t\t<\/div>\n\t\t\t\t\t<\/div>\n\n\t\t<div class=\"box-text box-text-products\">\n\t\t\t<div class=\"title-wrapper\"><p class=\"name product-title woocommerce-loop-product__title\"><a href=\"https:\/\/grundwelle.com.tr\/de\/urun\/blackbatt-bb80-6-evf-12v-80ah-elektromotorrad-batterie\/\" class=\"woocommerce-LoopProduct-link woocommerce-loop-product__link\">Blackbatt BB80-6 EVF 12V 80Ah Elektromotorrad Batterie<\/a><\/p><\/div><div class=\"price-wrapper\"><\/div>\t\t<\/div>\n\t<\/div>\n\t<span class=\"gtm4wp_productdata\" style=\"display:none; visibility:hidden;\" data-gtm4wp_product_data=\"{&quot;internal_id&quot;:1773,&quot;item_id&quot;:1773,&quot;item_name&quot;:&quot;Blackbatt BB80-6 EVF 12V 80Ah Elektromotorrad Batterie&quot;,&quot;sku&quot;:1773,&quot;price&quot;:0,&quot;stocklevel&quot;:null,&quot;stockstatus&quot;:&quot;instock&quot;,&quot;google_business_vertical&quot;:&quot;retail&quot;,&quot;item_category&quot;:&quot;Blackbatt&quot;,&quot;id&quot;:1773,&quot;productlink&quot;:&quot;https:\\\/\\\/grundwelle.com.tr\\\/de\\\/urun\\\/blackbatt-bb80-6-evf-12v-80ah-elektromotorrad-batterie\\\/&quot;,&quot;item_list_name&quot;:&quot;General Product List&quot;,&quot;index&quot;:8,&quot;product_type&quot;:&quot;simple&quot;,&quot;item_brand&quot;:&quot;&quot;}\"><\/span>\t<\/div>\n<\/div><\/div>\n\t\t<\/div>\n\t\t\t\t\t<\/div>\n\n\t\n<\/div>\n\t\t<\/div>\n\n\t\t\n<style>\n#section_2112775554 {\n  padding-top: 30px;\n  padding-bottom: 30px;\n}\n<\/style>\n\t<\/section>\n\t\n\n\t<section class=\"section\" id=\"section_995798057\">\n\t\t<div class=\"section-bg fill\" >\n\t\t\t\t\t\t\t\t\t\n\t\t\t\n\n\t\t<\/div>\n\n\t\t\n\n\t\t<div class=\"section-content relative\">\n\t\t\t\n<div class=\"row\"  id=\"row-668439083\">\n\n\t<div id=\"col-1966208534\" class=\"col small-12 large-12\"  >\n\t\t\t\t<div class=\"col-inner\"  >\n\t\t\t\n\t\t\t\n<h2> Batterie-Ladesysteme<\/h2>\n<p><a href=\"https:\/\/grundwelle.com.tr\/de\/\">Batterieladesysteme<\/a> sind heute ein unverzichtbarer Bestandteil unserer mobilen Ger\u00e4te. Diese Systeme sind darauf ausgelegt, den Energiebedarf von Mobiltelefonen, Laptops, Tablets und anderen tragbaren elektronischen Ger\u00e4ten zu decken. Batterieladesysteme sind mit einer Schnellladetechnik ausgestattet, die den Vorteil bietet, dass Sie Ihre Ger\u00e4te in k\u00fcrzerer Zeit aufladen k\u00f6nnen. In Zeiten intensiver Nutzung oder in Notf\u00e4llen sorgt die Schnellladefunktion daf\u00fcr, dass Ihre Ger\u00e4te l\u00e4nger genutzt werden k\u00f6nnen. Die Schnellladetechnik verk\u00fcrzt die Ladezeit Ihrer Ger\u00e4te erheblich. Es bietet einen wesentlich schnelleren Ladevorgang als herk\u00f6mmliche Ladetechnologien, was bedeutet, dass Ihre Ger\u00e4te in k\u00fcrzerer Zeit einsatzbereit sind. Es gibt Ihnen die Freiheit, Ihre Ger\u00e4te w\u00e4hrend eines arbeitsreichen Tages oder auf Reisen schnell aufzuladen. Schnelles Laden ist vor allem in Notzeiten wichtig. In einer unerwarteten Situation k\u00f6nnen Sie die Leistungsstufe Ihrer Ger\u00e4te schnell erh\u00f6hen. Dadurch wird der kontinuierliche Betrieb von unternehmenskritischen Systemen wie Kommunikationsger\u00e4ten, Notbeleuchtung oder Sicherheitseinrichtungen gew\u00e4hrleistet. Schnelles Laden passt sich dem mobilen Lebensstil an. An einem anstrengenden Tag oder auf Reisen erm\u00f6glicht es eine l\u00e4ngere Nutzung bei begrenzten Ladezeiten. Dies ist eine ideale L\u00f6sung f\u00fcr Situationen wie Gesch\u00e4ftsreisen, Urlaub oder Outdoor-Aktivit\u00e4ten. Die Schnellladetechnik bietet die M\u00f6glichkeit, Energie effizienter zu nutzen. Die F\u00e4higkeit, in kurzer Zeit viel Energie zu liefern, erh\u00f6ht die Energieeinsparungen und erm\u00f6glicht eine effektivere Nutzung der Stromressourcen.<\/p>\n<p>Batterieladesysteme werden im Allgemeinen als tragbare Ladeger\u00e4te angeboten. Mit diesen Ger\u00e4ten k\u00f6nnen Nutzer ihre Ger\u00e4te \u00fcberall aufladen. Diese tragbaren Ger\u00e4te sind unverzichtbar auf Reisen, bei Veranstaltungen im Freien oder wenn kein Netzanschluss vorhanden ist. Tragbare Ladeger\u00e4te geben den Nutzern die Freiheit, den Strom immer bei sich zu haben. Dank ihrer integrierten Batterien liefern diese Ger\u00e4te die n\u00f6tige Energie, um Ihre mobilen Ger\u00e4te aufzuladen. Dies ist besonders n\u00fctzlich, wenn es keinen Netzanschluss gibt oder wenn man unterwegs ist. Tragbare Ladeger\u00e4te helfen Ihnen, Ihre mobilen Ger\u00e4te auf Reisen aufzuladen. Ob auf langen Reisen, Flugreisen oder beim Camping, mit tragbaren Ladeger\u00e4ten k\u00f6nnen Sie Ihre Ger\u00e4te sicher aufbewahren und viele Aktivit\u00e4ten von der Kommunikation bis zur Fotografie genie\u00dfen. F\u00fcr Outdoor-Aktivit\u00e4ten sind tragbare Ladeger\u00e4te die ideale L\u00f6sung, um den Bedarf an Strom in der Natur zu decken. Ob Sie nun campen, bergsteigen oder am Strand sind, Sie k\u00f6nnen sich frei bewegen, ohne sich Sorgen machen zu m\u00fcssen, dass Ihre Ger\u00e4te nicht mehr aufgeladen werden. Tragbare Ladeger\u00e4te haben in der Regel verschiedene Anschlussm\u00f6glichkeiten. Sie sind mit g\u00e4ngigen Anschl\u00fcssen wie USB, USB-C und Micro-USB kompatibel und bieten die Flexibilit\u00e4t, verschiedene Ger\u00e4te zu laden.<\/p>\n<h2>Verschiedene Anschlussm\u00f6glichkeiten<\/h2>\n<p>Batterieladesysteme sind mit verschiedenen Anschlussm\u00f6glichkeiten ausgestattet. H\u00e4ufig verwendete Anschl\u00fcsse wie USB, USB-C, Micro-USB unterst\u00fctzen verschiedene Ger\u00e4te. So k\u00f6nnen verschiedene Ger\u00e4te \u00fcber das gleiche Ladesystem aufgeladen werden. Die meisten Batterieladesysteme verf\u00fcgen \u00fcber universelle USB-Anschl\u00fcsse. Dies bietet die Flexibilit\u00e4t, viele Ger\u00e4te mit USB-Unterst\u00fctzung zu laden. Telefone, Tablets, Kameras und andere tragbare Ger\u00e4te k\u00f6nnen problemlos \u00fcber den Standard-USB-Anschluss geladen werden. Erweiterte Modelle unterst\u00fctzen die USB-C-Technologie. USB-C bietet schnelleres Laden, Daten\u00fcbertragung und universelle Kompatibilit\u00e4t. So k\u00f6nnen Sie moderne Ger\u00e4te schneller aufladen und Daten effizienter \u00fcbertragen. Einige Ger\u00e4te verwenden noch Micro-USB-Anschl\u00fcsse. Dank der Micro-USB-Kompatibilit\u00e4t unterst\u00fctzen Batterieladesysteme auch diese Ger\u00e4te. Diese Funktion bietet dem Benutzer eine breite Kompatibilit\u00e4t beim Wechsel zwischen alten und neuen Ger\u00e4ten. Verschiedene Anschlussm\u00f6glichkeiten bieten dem Nutzer einen praktischen und flexiblen Einsatz. Wenn Sie ein Ger\u00e4t aufladen m\u00f6chten, k\u00f6nnen Sie den Ladevorgang schnell und zuverl\u00e4ssig durchf\u00fchren, indem Sie den entsprechenden Anschluss ausw\u00e4hlen. Die verschiedenen Anschlussm\u00f6glichkeiten von Batterieladesystemen erm\u00f6glichen es dem Nutzer, mehrere Ger\u00e4te gleichzeitig zu laden. Dies ist ein gro\u00dfer Vorteil f\u00fcr Gesch\u00e4ftsreisen, Urlaube oder Gruppenaktivit\u00e4ten im Freien.<\/p>\n<h2>Intelligentes Ladungsmanagement<\/h2>\n<p>Moderne <a href=\"https:\/\/grundwelle.com.tr\/de\/\">Batterieladesysteme<\/a> verf\u00fcgen \u00fcber intelligente Lademanagementfunktionen. Dadurch wird der Ladevorgang der Batterie optimiert und sie vor \u00dcberladung gesch\u00fctzt. Au\u00dferdem wird der Benutzer durch LED-Anzeigen oder Anwendungen, die den Batteriestatus des Ger\u00e4ts \u00fcberwachen, informiert. Das intelligente Lademanagement optimiert den Ladevorgang Ihrer Batterie. Dadurch kann der Akku schneller aufgeladen werden und Probleme wie \u00dcberhitzung oder \u00dcberladung werden vermieden. Es sorgt f\u00fcr eine l\u00e4ngere und effizientere Nutzung, indem es die Lebensdauer des Akkus verl\u00e4ngert. Diese Funktion sch\u00fctzt Ihren Akku vor \u00dcberladung. Eine \u00dcberladung kann die Leistung des Akkus verringern und langfristige Sch\u00e4den verursachen. Das intelligente Lademanagement sorgt daf\u00fcr, dass der Akku nicht voll aufgeladen bleibt, wodurch die Auswirkungen einer \u00dcberladung reduziert und eine sichere Nutzung gew\u00e4hrleistet werden. Intelligente Lademanagementsysteme verf\u00fcgen \u00fcber LED-Anzeigen oder eine App-Integration, um den Nutzer \u00fcber den Batteriestatus zu informieren. Informationen wie Akkuladestand, Verf\u00fcgbarkeit und Ladezeit helfen dem Nutzer, die Akkuleistung zu verstehen. Intelligentes Lademanagement verbessert die Energieeffizienz. Die Optimierung des Ladevorgangs gew\u00e4hrleistet eine effizientere Nutzung der Energie. Dies hilft Ihnen, Strom zu sparen und die Umweltbelastung zu verringern. Intelligentes Lademanagement sorgt f\u00fcr Benutzerfreundlichkeit und Sicherheit. Der Benutzer kann den Batteriestatus sofort \u00fcberwachen und den Ladevorgang sicher durchf\u00fchren. Diese Funktion erm\u00f6glicht den Benutzern eine bewusstere und sicherere Nutzung. <a href=\"https:\/\/grundwelle.com.tr\/de\/\">Batterieladesysteme<\/a> sind ein wichtiger Bestandteil unserer mobilen Ger\u00e4te in unserem t\u00e4glichen Leben. Mit Funktionen wie Tragbarkeit, Schnellladung, verschiedenen Anschlussm\u00f6glichkeiten und intelligentem Lademanagement erm\u00f6glicht es den Nutzern, ihre Ger\u00e4te jederzeit und \u00fcberall zu verwenden. Diese Systeme bilden die Grundlage f\u00fcr unsere heutige Mobilit\u00e4t und Kommunikationsfreiheit.<\/p>\n\t\t<\/div>\n\t\t\t\t\t<\/div>\n\n\t\n<\/div>\n\t\t<\/div>\n\n\t\t\n<style>\n#section_995798057 {\n  padding-top: 30px;\n  padding-bottom: 30px;\n}\n<\/style>\n\t<\/section>\n\t\n<div id=\"5411C9C5_E362_3B97_E59F_B7231BBF96D0\"><\/div>\n<div id=\"5411C9C5_E362_3B97_E59F_B7231BBF96D0\"><\/div>\n","protected":false},"excerpt":{"rendered":"","protected":false},"author":1,"featured_media":0,"parent":0,"menu_order":0,"comment_status":"closed","ping_status":"closed","template":"page-blank.php","meta":{"footnotes":""},"class_list":["post-1674","page","type-page","status-publish","hentry"],"_links":{"self":[{"href":"https:\/\/grundwelle.com.tr\/de\/wp-json\/wp\/v2\/pages\/1674","targetHints":{"allow":["GET"]}}],"collection":[{"href":"https:\/\/grundwelle.com.tr\/de\/wp-json\/wp\/v2\/pages"}],"about":[{"href":"https:\/\/grundwelle.com.tr\/de\/wp-json\/wp\/v2\/types\/page"}],"author":[{"embeddable":true,"href":"https:\/\/grundwelle.com.tr\/de\/wp-json\/wp\/v2\/users\/1"}],"replies":[{"embeddable":true,"href":"https:\/\/grundwelle.com.tr\/de\/wp-json\/wp\/v2\/comments?post=1674"}],"version-history":[{"count":5,"href":"https:\/\/grundwelle.com.tr\/de\/wp-json\/wp\/v2\/pages\/1674\/revisions"}],"predecessor-version":[{"id":1682,"href":"https:\/\/grundwelle.com.tr\/de\/wp-json\/wp\/v2\/pages\/1674\/revisions\/1682"}],"wp:attachment":[{"href":"https:\/\/grundwelle.com.tr\/de\/wp-json\/wp\/v2\/media?parent=1674"}],"curies":[{"name":"wp","href":"https:\/\/api.w.org\/{rel}","templated":true}]}}