{"id":1693,"date":"2023-12-28T09:46:44","date_gmt":"2023-12-28T09:46:44","guid":{"rendered":"https:\/\/grundwelle.com.tr\/ladestationen-fuer-elektrofahrzeuge\/"},"modified":"2024-02-02T08:47:45","modified_gmt":"2024-02-02T08:47:45","slug":"ladestationen-fuer-elektrofahrzeuge","status":"publish","type":"page","link":"https:\/\/grundwelle.com.tr\/de\/ladestationen-fuer-elektrofahrzeuge\/","title":{"rendered":"Ladestationen f\u00fcr Elektrofahrzeuge"},"content":{"rendered":"\n\t<section class=\"section\" id=\"section_1232832237\">\n\t\t<div class=\"section-bg fill\" >\n\t\t\t\t\t\t\t\t\t\n\t\t\t\n\n\t\t<\/div>\n\n\t\t\n\n\t\t<div class=\"section-content relative\">\n\t\t\t\n  <div id=\"page-header-699105534\" class=\"page-header-wrapper\">\n  <div class=\"page-title dark normal-title\">\n\n        <div class=\"page-title-bg\">\n      <div class=\"title-bg fill bg-fill\"\n        data-parallax-container=\".page-title\"\n        data-parallax-background\n        data-parallax=\"-\">\n      <\/div>\n      <div class=\"title-overlay fill\"><\/div>\n    <\/div>\n    \n    <div class=\"page-title-inner container align-bottom flex-row medium-flex-wrap\" >\n              <div class=\"title-wrapper flex-col text-left medium-text-center\">\n          <h1 class=\"entry-title mb-0\">\n            Ladestationen f\u00fcr Elektrofahrzeuge          <\/h1>\n        <\/div>\n                    <div class=\"title-content flex-col flex-right text-right medium-text-center\">\n        <div class=\"title-share pt-half pb-half\"><div class=\"social-icons share-icons share-row relative\" ><a href=\"whatsapp:\/\/send?text=Ladestationen%20f%C3%BCr%20Elektrofahrzeuge - https:\/\/grundwelle.com.tr\/de\/ladestationen-fuer-elektrofahrzeuge\/\" data-action=\"share\/whatsapp\/share\" class=\"icon button circle is-outline tooltip whatsapp show-for-medium\" title=\"Auf WhatsApp teilen\" aria-label=\"Auf WhatsApp teilen\" ><i class=\"icon-whatsapp\" ><\/i><\/a><a href=\"https:\/\/www.facebook.com\/sharer.php?u=https:\/\/grundwelle.com.tr\/de\/ladestationen-fuer-elektrofahrzeuge\/\" data-label=\"Facebook\" onclick=\"window.open(this.href,this.title,'width=500,height=500,top=300px,left=300px'); return false;\" target=\"_blank\" class=\"icon button circle is-outline tooltip facebook\" title=\"Auf Facebook teilen\" aria-label=\"Auf Facebook teilen\" rel=\"noopener nofollow\" ><i class=\"icon-facebook\" ><\/i><\/a><a href=\"https:\/\/twitter.com\/share?url=https:\/\/grundwelle.com.tr\/de\/ladestationen-fuer-elektrofahrzeuge\/\" onclick=\"window.open(this.href,this.title,'width=500,height=500,top=300px,left=300px'); return false;\" target=\"_blank\" class=\"icon button circle is-outline tooltip twitter\" title=\"Auf Twitter teilen\" aria-label=\"Auf Twitter teilen\" rel=\"noopener nofollow\" ><i class=\"icon-twitter\" ><\/i><\/a><a href=\"mailto:?subject=Ladestationen%20f%C3%BCr%20Elektrofahrzeuge&body=Schau%20dir%20das%20an%3A%20https%3A%2F%2Fgrundwelle.com.tr%2Fde%2Fladestationen-fuer-elektrofahrzeuge%2F\" class=\"icon button circle is-outline tooltip email\" title=\"E-mail an einen Freund senden\" aria-label=\"E-mail an einen Freund senden\" rel=\"nofollow\" ><i class=\"icon-envelop\" ><\/i><\/a><a href=\"https:\/\/pinterest.com\/pin\/create\/button?url=https:\/\/grundwelle.com.tr\/de\/ladestationen-fuer-elektrofahrzeuge\/&media&description=Ladestationen%20f%C3%BCr%20Elektrofahrzeuge\" onclick=\"window.open(this.href,this.title,'width=500,height=500,top=300px,left=300px'); return false;\" target=\"_blank\" class=\"icon button circle is-outline tooltip pinterest\" title=\"Pinterest Pin erstellen\" aria-label=\"Pinterest Pin erstellen\" rel=\"noopener nofollow\" ><i class=\"icon-pinterest\" ><\/i><\/a><a href=\"https:\/\/www.linkedin.com\/shareArticle?mini=true&url=https:\/\/grundwelle.com.tr\/de\/ladestationen-fuer-elektrofahrzeuge\/&title=Ladestationen%20f%C3%BCr%20Elektrofahrzeuge\" onclick=\"window.open(this.href,this.title,'width=500,height=500,top=300px,left=300px'); return false;\" target=\"_blank\" class=\"icon button circle is-outline tooltip linkedin\" title=\"Auf LinkedIn teilen\" aria-label=\"Auf LinkedIn teilen\" rel=\"noopener nofollow\" ><i class=\"icon-linkedin\" ><\/i><\/a><\/div><\/div>      <\/div>\n    <\/div>\n\n     \n<style>\n#page-header-699105534 .page-title-inner {\n  min-height: 300px;\n}\n#page-header-699105534 .title-bg {\n  background-image: url(https:\/\/grundwelle.com.tr\/wp-content\/uploads\/2023\/12\/grundwelle-slide.jpg);\n}\n<\/style>\n  <\/div>\n    <\/div>\n  \n\t\t<\/div>\n\n\t\t\n<style>\n#section_1232832237 {\n  padding-top: 0px;\n  padding-bottom: 0px;\n}\n<\/style>\n\t<\/section>\n\t\n\n\t<section class=\"section\" id=\"section_892126012\">\n\t\t<div class=\"section-bg fill\" >\n\t\t\t\t\t\t\t\t\t\n\t\t\t\n\n\t\t<\/div>\n\n\t\t\n\n\t\t<div class=\"section-content relative\">\n\t\t\t\n<div class=\"row\"  id=\"row-1492664803\">\n\n\t<div id=\"col-883482274\" class=\"col small-12 large-12\"  >\n\t\t\t\t<div class=\"col-inner\"  >\n\t\t\t\n\t\t\t\n<div class=\"row\"  id=\"row-628621626\">\n\n\t<div id=\"col-1087060730\" class=\"col small-12 large-12\"  >\n\t\t\t\t<div class=\"col-inner\"  >\n\t\t\t\n\t\t\t\n<h3><span style=\"color: #333333;\">VERWANDTE PRODUKTE<\/span><\/h3>\n\t\t<\/div>\n\t\t\t\t\t<\/div>\n\n\t\n<\/div>\n\t\n  \n    <div class=\"row large-columns-4 medium-columns-3 small-columns-2 row-small has-shadow row-box-shadow-1 row-box-shadow-2-hover\" >\n  \n\t     <div class=\"product-small col has-hover product type-product post-2521 status-publish first instock product_cat-sarj-aletleri product_cat-tum-urunler has-post-thumbnail shipping-taxable product-type-simple\">\n\t<div class=\"col-inner\">\n\t\n<div class=\"badge-container absolute left top z-1\">\n\n<\/div>\n\t<div class=\"product-small box \">\n\t\t<div class=\"box-image\">\n\t\t\t<div class=\"image-zoom\">\n\t\t\t\t<a href=\"https:\/\/grundwelle.com.tr\/de\/urun\/72v-60-80ah-elektrikli-motor-sarj-aleti\/\" aria-label=\"72V 60-80AH Elektrikli Motor \u015earj Aleti\">\n\t\t\t\t\t<img loading=\"lazy\" decoding=\"async\" width=\"300\" height=\"300\" src=\"https:\/\/grundwelle.com.tr\/wp-content\/uploads\/2024\/10\/72V-80-24AH-Elektrikli-Motor-Sarj-Aleti-300x300.png\" class=\"attachment-woocommerce_thumbnail size-woocommerce_thumbnail\" alt=\"Elektrikli Motorlar \u0130\u00e7in En \u0130yi 12V 80Ah Ak\u00fc ve \u015earj Aleti\" srcset=\"https:\/\/grundwelle.com.tr\/wp-content\/uploads\/2024\/10\/72V-80-24AH-Elektrikli-Motor-Sarj-Aleti-300x300.png 300w, https:\/\/grundwelle.com.tr\/wp-content\/uploads\/2024\/10\/72V-80-24AH-Elektrikli-Motor-Sarj-Aleti-150x150.png 150w, https:\/\/grundwelle.com.tr\/wp-content\/uploads\/2024\/10\/72V-80-24AH-Elektrikli-Motor-Sarj-Aleti-100x100.png 100w, https:\/\/grundwelle.com.tr\/wp-content\/uploads\/2024\/10\/72V-80-24AH-Elektrikli-Motor-Sarj-Aleti.png 500w\" sizes=\"auto, (max-width: 300px) 100vw, 300px\" \/>\t\t\t\t<\/a>\n\t\t\t<\/div>\n\t\t\t<div class=\"image-tools is-small top right show-on-hover\">\n\t\t\t\t\t\t\t<\/div>\n\t\t\t<div class=\"image-tools is-small hide-for-small bottom left show-on-hover\">\n\t\t\t\t\t\t\t<\/div>\n\t\t\t<div class=\"image-tools grid-tools text-center hide-for-small bottom hover-slide-in show-on-hover\">\n\t\t\t\t\t\t\t<\/div>\n\t\t\t\t\t<\/div>\n\n\t\t<div class=\"box-text box-text-products\">\n\t\t\t<div class=\"title-wrapper\"><p class=\"name product-title woocommerce-loop-product__title\"><a href=\"https:\/\/grundwelle.com.tr\/de\/urun\/72v-60-80ah-elektrikli-motor-sarj-aleti\/\" class=\"woocommerce-LoopProduct-link woocommerce-loop-product__link\">72V 60-80AH Elektrikli Motor \u015earj Aleti<\/a><\/p><\/div><div class=\"price-wrapper\"><\/div>\t\t<\/div>\n\t<\/div>\n\t<span class=\"gtm4wp_productdata\" style=\"display:none; visibility:hidden;\" data-gtm4wp_product_data=\"{&quot;internal_id&quot;:2521,&quot;item_id&quot;:2521,&quot;item_name&quot;:&quot;72V 60-80AH Elektrikli Motor \\u015earj Aleti&quot;,&quot;sku&quot;:2521,&quot;price&quot;:0,&quot;stocklevel&quot;:null,&quot;stockstatus&quot;:&quot;instock&quot;,&quot;google_business_vertical&quot;:&quot;retail&quot;,&quot;item_category&quot;:&quot;T\\u00fcm \\u00dcr\\u00fcnler&quot;,&quot;id&quot;:2521,&quot;productlink&quot;:&quot;https:\\\/\\\/grundwelle.com.tr\\\/de\\\/urun\\\/72v-60-80ah-elektrikli-motor-sarj-aleti\\\/&quot;,&quot;item_list_name&quot;:&quot;General Product List&quot;,&quot;index&quot;:1,&quot;product_type&quot;:&quot;simple&quot;,&quot;item_brand&quot;:&quot;&quot;}\"><\/span>\t<\/div>\n<\/div><div class=\"product-small col has-hover product type-product post-2522 status-publish instock product_cat-sarj-aletleri product_cat-tum-urunler has-post-thumbnail shipping-taxable product-type-simple\">\n\t<div class=\"col-inner\">\n\t\n<div class=\"badge-container absolute left top z-1\">\n\n<\/div>\n\t<div class=\"product-small box \">\n\t\t<div class=\"box-image\">\n\t\t\t<div class=\"image-zoom\">\n\t\t\t\t<a href=\"https:\/\/grundwelle.com.tr\/de\/urun\/12v-24v-aku-sarj-aleti\/\" aria-label=\"12V-24V Ak\u00fc \u015earj Aleti\">\n\t\t\t\t\t<img loading=\"lazy\" decoding=\"async\" width=\"300\" height=\"300\" src=\"https:\/\/grundwelle.com.tr\/wp-content\/uploads\/2024\/10\/1-3-300x300.png\" class=\"attachment-woocommerce_thumbnail size-woocommerce_thumbnail\" alt=\"60V 20AH Elektrikli Motor \u015earj Aleti\" srcset=\"https:\/\/grundwelle.com.tr\/wp-content\/uploads\/2024\/10\/1-3-300x300.png 300w, https:\/\/grundwelle.com.tr\/wp-content\/uploads\/2024\/10\/1-3-150x150.png 150w, https:\/\/grundwelle.com.tr\/wp-content\/uploads\/2024\/10\/1-3-100x100.png 100w, https:\/\/grundwelle.com.tr\/wp-content\/uploads\/2024\/10\/1-3.png 500w\" sizes=\"auto, (max-width: 300px) 100vw, 300px\" \/>\t\t\t\t<\/a>\n\t\t\t<\/div>\n\t\t\t<div class=\"image-tools is-small top right show-on-hover\">\n\t\t\t\t\t\t\t<\/div>\n\t\t\t<div class=\"image-tools is-small hide-for-small bottom left show-on-hover\">\n\t\t\t\t\t\t\t<\/div>\n\t\t\t<div class=\"image-tools grid-tools text-center hide-for-small bottom hover-slide-in show-on-hover\">\n\t\t\t\t\t\t\t<\/div>\n\t\t\t\t\t<\/div>\n\n\t\t<div class=\"box-text box-text-products\">\n\t\t\t<div class=\"title-wrapper\"><p class=\"name product-title woocommerce-loop-product__title\"><a href=\"https:\/\/grundwelle.com.tr\/de\/urun\/12v-24v-aku-sarj-aleti\/\" class=\"woocommerce-LoopProduct-link woocommerce-loop-product__link\">12V-24V Ak\u00fc \u015earj Aleti<\/a><\/p><\/div><div class=\"price-wrapper\"><\/div>\t\t<\/div>\n\t<\/div>\n\t<span class=\"gtm4wp_productdata\" style=\"display:none; visibility:hidden;\" data-gtm4wp_product_data=\"{&quot;internal_id&quot;:2522,&quot;item_id&quot;:2522,&quot;item_name&quot;:&quot;12V-24V Ak\\u00fc \\u015earj Aleti&quot;,&quot;sku&quot;:2522,&quot;price&quot;:0,&quot;stocklevel&quot;:null,&quot;stockstatus&quot;:&quot;instock&quot;,&quot;google_business_vertical&quot;:&quot;retail&quot;,&quot;item_category&quot;:&quot;T\\u00fcm \\u00dcr\\u00fcnler&quot;,&quot;id&quot;:2522,&quot;productlink&quot;:&quot;https:\\\/\\\/grundwelle.com.tr\\\/de\\\/urun\\\/12v-24v-aku-sarj-aleti\\\/&quot;,&quot;item_list_name&quot;:&quot;General Product List&quot;,&quot;index&quot;:2,&quot;product_type&quot;:&quot;simple&quot;,&quot;item_brand&quot;:&quot;&quot;}\"><\/span>\t<\/div>\n<\/div><div class=\"product-small col has-hover product type-product post-2517 status-publish instock product_cat-sarj-aletleri product_cat-tum-urunler has-post-thumbnail shipping-taxable product-type-simple\">\n\t<div class=\"col-inner\">\n\t\n<div class=\"badge-container absolute left top z-1\">\n\n<\/div>\n\t<div class=\"product-small box \">\n\t\t<div class=\"box-image\">\n\t\t\t<div class=\"image-zoom\">\n\t\t\t\t<a href=\"https:\/\/grundwelle.com.tr\/de\/urun\/48v-14ah-elektrikli-motor-sarj-aleti\/\" aria-label=\"48V 14AH Elektrikli Motor \u015earj Aleti\">\n\t\t\t\t\t<img loading=\"lazy\" decoding=\"async\" width=\"300\" height=\"300\" src=\"https:\/\/grundwelle.com.tr\/wp-content\/uploads\/2024\/10\/1-1-300x300.png\" class=\"attachment-woocommerce_thumbnail size-woocommerce_thumbnail\" alt=\"48V 14Ah \u015earj Aleti\" srcset=\"https:\/\/grundwelle.com.tr\/wp-content\/uploads\/2024\/10\/1-1-300x300.png 300w, https:\/\/grundwelle.com.tr\/wp-content\/uploads\/2024\/10\/1-1-150x150.png 150w, https:\/\/grundwelle.com.tr\/wp-content\/uploads\/2024\/10\/1-1-100x100.png 100w, https:\/\/grundwelle.com.tr\/wp-content\/uploads\/2024\/10\/1-1.png 500w\" sizes=\"auto, (max-width: 300px) 100vw, 300px\" \/>\t\t\t\t<\/a>\n\t\t\t<\/div>\n\t\t\t<div class=\"image-tools is-small top right show-on-hover\">\n\t\t\t\t\t\t\t<\/div>\n\t\t\t<div class=\"image-tools is-small hide-for-small bottom left show-on-hover\">\n\t\t\t\t\t\t\t<\/div>\n\t\t\t<div class=\"image-tools grid-tools text-center hide-for-small bottom hover-slide-in show-on-hover\">\n\t\t\t\t\t\t\t<\/div>\n\t\t\t\t\t<\/div>\n\n\t\t<div class=\"box-text box-text-products\">\n\t\t\t<div class=\"title-wrapper\"><p class=\"name product-title woocommerce-loop-product__title\"><a href=\"https:\/\/grundwelle.com.tr\/de\/urun\/48v-14ah-elektrikli-motor-sarj-aleti\/\" class=\"woocommerce-LoopProduct-link woocommerce-loop-product__link\">48V 14AH Elektrikli Motor \u015earj Aleti<\/a><\/p><\/div><div class=\"price-wrapper\"><\/div>\t\t<\/div>\n\t<\/div>\n\t<span class=\"gtm4wp_productdata\" style=\"display:none; visibility:hidden;\" data-gtm4wp_product_data=\"{&quot;internal_id&quot;:2517,&quot;item_id&quot;:2517,&quot;item_name&quot;:&quot;48V 14AH Elektrikli Motor \\u015earj Aleti&quot;,&quot;sku&quot;:2517,&quot;price&quot;:0,&quot;stocklevel&quot;:null,&quot;stockstatus&quot;:&quot;instock&quot;,&quot;google_business_vertical&quot;:&quot;retail&quot;,&quot;item_category&quot;:&quot;T\\u00fcm \\u00dcr\\u00fcnler&quot;,&quot;id&quot;:2517,&quot;productlink&quot;:&quot;https:\\\/\\\/grundwelle.com.tr\\\/de\\\/urun\\\/48v-14ah-elektrikli-motor-sarj-aleti\\\/&quot;,&quot;item_list_name&quot;:&quot;General Product List&quot;,&quot;index&quot;:3,&quot;product_type&quot;:&quot;simple&quot;,&quot;item_brand&quot;:&quot;&quot;}\"><\/span>\t<\/div>\n<\/div><div class=\"product-small col has-hover product type-product post-2518 status-publish last instock product_cat-sarj-aletleri product_cat-tum-urunler has-post-thumbnail shipping-taxable product-type-simple\">\n\t<div class=\"col-inner\">\n\t\n<div class=\"badge-container absolute left top z-1\">\n\n<\/div>\n\t<div class=\"product-small box \">\n\t\t<div class=\"box-image\">\n\t\t\t<div class=\"image-zoom\">\n\t\t\t\t<a href=\"https:\/\/grundwelle.com.tr\/de\/urun\/48v-20-24ah-elektrikli-motor-sarj-aleti\/\" aria-label=\"48V 20-24AH Elektrikli Motor \u015earj Aleti\">\n\t\t\t\t\t<img loading=\"lazy\" decoding=\"async\" width=\"300\" height=\"300\" src=\"https:\/\/grundwelle.com.tr\/wp-content\/uploads\/2024\/10\/1-1-300x300.png\" class=\"attachment-woocommerce_thumbnail size-woocommerce_thumbnail\" alt=\"48V 14Ah \u015earj Aleti\" srcset=\"https:\/\/grundwelle.com.tr\/wp-content\/uploads\/2024\/10\/1-1-300x300.png 300w, https:\/\/grundwelle.com.tr\/wp-content\/uploads\/2024\/10\/1-1-150x150.png 150w, https:\/\/grundwelle.com.tr\/wp-content\/uploads\/2024\/10\/1-1-100x100.png 100w, https:\/\/grundwelle.com.tr\/wp-content\/uploads\/2024\/10\/1-1.png 500w\" sizes=\"auto, (max-width: 300px) 100vw, 300px\" \/>\t\t\t\t<\/a>\n\t\t\t<\/div>\n\t\t\t<div class=\"image-tools is-small top right show-on-hover\">\n\t\t\t\t\t\t\t<\/div>\n\t\t\t<div class=\"image-tools is-small hide-for-small bottom left show-on-hover\">\n\t\t\t\t\t\t\t<\/div>\n\t\t\t<div class=\"image-tools grid-tools text-center hide-for-small bottom hover-slide-in show-on-hover\">\n\t\t\t\t\t\t\t<\/div>\n\t\t\t\t\t<\/div>\n\n\t\t<div class=\"box-text box-text-products\">\n\t\t\t<div class=\"title-wrapper\"><p class=\"name product-title woocommerce-loop-product__title\"><a href=\"https:\/\/grundwelle.com.tr\/de\/urun\/48v-20-24ah-elektrikli-motor-sarj-aleti\/\" class=\"woocommerce-LoopProduct-link woocommerce-loop-product__link\">48V 20-24AH Elektrikli Motor \u015earj Aleti<\/a><\/p><\/div><div class=\"price-wrapper\"><\/div>\t\t<\/div>\n\t<\/div>\n\t<span class=\"gtm4wp_productdata\" style=\"display:none; visibility:hidden;\" data-gtm4wp_product_data=\"{&quot;internal_id&quot;:2518,&quot;item_id&quot;:2518,&quot;item_name&quot;:&quot;48V 20-24AH Elektrikli Motor \\u015earj Aleti&quot;,&quot;sku&quot;:2518,&quot;price&quot;:0,&quot;stocklevel&quot;:null,&quot;stockstatus&quot;:&quot;instock&quot;,&quot;google_business_vertical&quot;:&quot;retail&quot;,&quot;item_category&quot;:&quot;T\\u00fcm \\u00dcr\\u00fcnler&quot;,&quot;id&quot;:2518,&quot;productlink&quot;:&quot;https:\\\/\\\/grundwelle.com.tr\\\/de\\\/urun\\\/48v-20-24ah-elektrikli-motor-sarj-aleti\\\/&quot;,&quot;item_list_name&quot;:&quot;General Product List&quot;,&quot;index&quot;:4,&quot;product_type&quot;:&quot;simple&quot;,&quot;item_brand&quot;:&quot;&quot;}\"><\/span>\t<\/div>\n<\/div><div class=\"product-small col has-hover product type-product post-2519 status-publish first instock product_cat-sarj-aletleri product_cat-tum-urunler has-post-thumbnail shipping-taxable product-type-simple\">\n\t<div class=\"col-inner\">\n\t\n<div class=\"badge-container absolute left top z-1\">\n\n<\/div>\n\t<div class=\"product-small box \">\n\t\t<div class=\"box-image\">\n\t\t\t<div class=\"image-zoom\">\n\t\t\t\t<a href=\"https:\/\/grundwelle.com.tr\/de\/urun\/60v-20-24ah-elektrikli-motor-sarj-aleti\/\" aria-label=\"60V 20-24AH Elektrikli Motor \u015earj Aleti\">\n\t\t\t\t\t<img loading=\"lazy\" decoding=\"async\" width=\"300\" height=\"300\" src=\"https:\/\/grundwelle.com.tr\/wp-content\/uploads\/2024\/10\/Elektrikli-Bisiklet-Akusu-1-300x300.png\" class=\"attachment-woocommerce_thumbnail size-woocommerce_thumbnail\" alt=\"72v 20ah \u015earj Aleti\" srcset=\"https:\/\/grundwelle.com.tr\/wp-content\/uploads\/2024\/10\/Elektrikli-Bisiklet-Akusu-1-300x300.png 300w, https:\/\/grundwelle.com.tr\/wp-content\/uploads\/2024\/10\/Elektrikli-Bisiklet-Akusu-1-150x150.png 150w, https:\/\/grundwelle.com.tr\/wp-content\/uploads\/2024\/10\/Elektrikli-Bisiklet-Akusu-1-100x100.png 100w\" sizes=\"auto, (max-width: 300px) 100vw, 300px\" \/>\t\t\t\t<\/a>\n\t\t\t<\/div>\n\t\t\t<div class=\"image-tools is-small top right show-on-hover\">\n\t\t\t\t\t\t\t<\/div>\n\t\t\t<div class=\"image-tools is-small hide-for-small bottom left show-on-hover\">\n\t\t\t\t\t\t\t<\/div>\n\t\t\t<div class=\"image-tools grid-tools text-center hide-for-small bottom hover-slide-in show-on-hover\">\n\t\t\t\t\t\t\t<\/div>\n\t\t\t\t\t<\/div>\n\n\t\t<div class=\"box-text box-text-products\">\n\t\t\t<div class=\"title-wrapper\"><p class=\"name product-title woocommerce-loop-product__title\"><a href=\"https:\/\/grundwelle.com.tr\/de\/urun\/60v-20-24ah-elektrikli-motor-sarj-aleti\/\" class=\"woocommerce-LoopProduct-link woocommerce-loop-product__link\">60V 20-24AH Elektrikli Motor \u015earj Aleti<\/a><\/p><\/div><div class=\"price-wrapper\"><\/div>\t\t<\/div>\n\t<\/div>\n\t<span class=\"gtm4wp_productdata\" style=\"display:none; visibility:hidden;\" data-gtm4wp_product_data=\"{&quot;internal_id&quot;:2519,&quot;item_id&quot;:2519,&quot;item_name&quot;:&quot;60V 20-24AH Elektrikli Motor \\u015earj Aleti&quot;,&quot;sku&quot;:2519,&quot;price&quot;:0,&quot;stocklevel&quot;:null,&quot;stockstatus&quot;:&quot;instock&quot;,&quot;google_business_vertical&quot;:&quot;retail&quot;,&quot;item_category&quot;:&quot;T\\u00fcm \\u00dcr\\u00fcnler&quot;,&quot;id&quot;:2519,&quot;productlink&quot;:&quot;https:\\\/\\\/grundwelle.com.tr\\\/de\\\/urun\\\/60v-20-24ah-elektrikli-motor-sarj-aleti\\\/&quot;,&quot;item_list_name&quot;:&quot;General Product List&quot;,&quot;index&quot;:5,&quot;product_type&quot;:&quot;simple&quot;,&quot;item_brand&quot;:&quot;&quot;}\"><\/span>\t<\/div>\n<\/div><div class=\"product-small col has-hover product type-product post-2520 status-publish instock product_cat-sarj-aletleri product_cat-tum-urunler has-post-thumbnail shipping-taxable product-type-simple\">\n\t<div class=\"col-inner\">\n\t\n<div class=\"badge-container absolute left top z-1\">\n\n<\/div>\n\t<div class=\"product-small box \">\n\t\t<div class=\"box-image\">\n\t\t\t<div class=\"image-zoom\">\n\t\t\t\t<a href=\"https:\/\/grundwelle.com.tr\/de\/urun\/72v-20-24ah-elektrikli-motor-sarj-aleti\/\" aria-label=\"72V 20-24AH Elektrikli Motor \u015earj Aleti\">\n\t\t\t\t\t<img loading=\"lazy\" decoding=\"async\" width=\"300\" height=\"300\" src=\"https:\/\/grundwelle.com.tr\/wp-content\/uploads\/2024\/10\/Elektrikli-Bisiklet-Akusu-1-300x300.png\" class=\"attachment-woocommerce_thumbnail size-woocommerce_thumbnail\" alt=\"72v 20ah \u015earj Aleti\" srcset=\"https:\/\/grundwelle.com.tr\/wp-content\/uploads\/2024\/10\/Elektrikli-Bisiklet-Akusu-1-300x300.png 300w, https:\/\/grundwelle.com.tr\/wp-content\/uploads\/2024\/10\/Elektrikli-Bisiklet-Akusu-1-150x150.png 150w, https:\/\/grundwelle.com.tr\/wp-content\/uploads\/2024\/10\/Elektrikli-Bisiklet-Akusu-1-100x100.png 100w\" sizes=\"auto, (max-width: 300px) 100vw, 300px\" \/>\t\t\t\t<\/a>\n\t\t\t<\/div>\n\t\t\t<div class=\"image-tools is-small top right show-on-hover\">\n\t\t\t\t\t\t\t<\/div>\n\t\t\t<div class=\"image-tools is-small hide-for-small bottom left show-on-hover\">\n\t\t\t\t\t\t\t<\/div>\n\t\t\t<div class=\"image-tools grid-tools text-center hide-for-small bottom hover-slide-in show-on-hover\">\n\t\t\t\t\t\t\t<\/div>\n\t\t\t\t\t<\/div>\n\n\t\t<div class=\"box-text box-text-products\">\n\t\t\t<div class=\"title-wrapper\"><p class=\"name product-title woocommerce-loop-product__title\"><a href=\"https:\/\/grundwelle.com.tr\/de\/urun\/72v-20-24ah-elektrikli-motor-sarj-aleti\/\" class=\"woocommerce-LoopProduct-link woocommerce-loop-product__link\">72V 20-24AH Elektrikli Motor \u015earj Aleti<\/a><\/p><\/div><div class=\"price-wrapper\"><\/div>\t\t<\/div>\n\t<\/div>\n\t<span class=\"gtm4wp_productdata\" style=\"display:none; visibility:hidden;\" data-gtm4wp_product_data=\"{&quot;internal_id&quot;:2520,&quot;item_id&quot;:2520,&quot;item_name&quot;:&quot;72V 20-24AH Elektrikli Motor \\u015earj Aleti&quot;,&quot;sku&quot;:2520,&quot;price&quot;:0,&quot;stocklevel&quot;:null,&quot;stockstatus&quot;:&quot;instock&quot;,&quot;google_business_vertical&quot;:&quot;retail&quot;,&quot;item_category&quot;:&quot;T\\u00fcm \\u00dcr\\u00fcnler&quot;,&quot;id&quot;:2520,&quot;productlink&quot;:&quot;https:\\\/\\\/grundwelle.com.tr\\\/de\\\/urun\\\/72v-20-24ah-elektrikli-motor-sarj-aleti\\\/&quot;,&quot;item_list_name&quot;:&quot;General Product List&quot;,&quot;index&quot;:6,&quot;product_type&quot;:&quot;simple&quot;,&quot;item_brand&quot;:&quot;&quot;}\"><\/span>\t<\/div>\n<\/div><div class=\"product-small col has-hover product type-product post-2407 status-publish instock product_cat-12v-2-3ah-aku product_cat-bakimsiz-kuru-tip-akuler product_cat-ritar-aku product_cat-rt-serisi has-post-thumbnail shipping-taxable product-type-simple\">\n\t<div class=\"col-inner\">\n\t\n<div class=\"badge-container absolute left top z-1\">\n\n<\/div>\n\t<div class=\"product-small box \">\n\t\t<div class=\"box-image\">\n\t\t\t<div class=\"image-zoom\">\n\t\t\t\t<a href=\"https:\/\/grundwelle.com.tr\/de\/urun\/rt1223-12v-2-3ah-tam-bakimsiz-kuru-tip-agm-aku-2\/\" aria-label=\"RT1223 12V 2.3Ah Tam Bak\u0131ms\u0131z Kuru Tip AGM Ak\u00fc\">\n\t\t\t\t\t<img loading=\"lazy\" decoding=\"async\" width=\"300\" height=\"300\" src=\"https:\/\/grundwelle.com.tr\/wp-content\/uploads\/2023\/12\/RT1223-300x300.jpg\" class=\"attachment-woocommerce_thumbnail size-woocommerce_thumbnail\" alt=\"RT1223\" srcset=\"https:\/\/grundwelle.com.tr\/wp-content\/uploads\/2023\/12\/RT1223-300x300.jpg 300w, https:\/\/grundwelle.com.tr\/wp-content\/uploads\/2023\/12\/RT1223-150x150.jpg 150w, https:\/\/grundwelle.com.tr\/wp-content\/uploads\/2023\/12\/RT1223-100x100.jpg 100w, https:\/\/grundwelle.com.tr\/wp-content\/uploads\/2023\/12\/RT1223.jpg 400w\" sizes=\"auto, (max-width: 300px) 100vw, 300px\" \/>\t\t\t\t<\/a>\n\t\t\t<\/div>\n\t\t\t<div class=\"image-tools is-small top right show-on-hover\">\n\t\t\t\t\t\t\t<\/div>\n\t\t\t<div class=\"image-tools is-small hide-for-small bottom left show-on-hover\">\n\t\t\t\t\t\t\t<\/div>\n\t\t\t<div class=\"image-tools grid-tools text-center hide-for-small bottom hover-slide-in show-on-hover\">\n\t\t\t\t\t\t\t<\/div>\n\t\t\t\t\t<\/div>\n\n\t\t<div class=\"box-text box-text-products\">\n\t\t\t<div class=\"title-wrapper\"><p class=\"name product-title woocommerce-loop-product__title\"><a href=\"https:\/\/grundwelle.com.tr\/de\/urun\/rt1223-12v-2-3ah-tam-bakimsiz-kuru-tip-agm-aku-2\/\" class=\"woocommerce-LoopProduct-link woocommerce-loop-product__link\">RT1223 12V 2.3Ah Tam Bak\u0131ms\u0131z Kuru Tip AGM Ak\u00fc<\/a><\/p><\/div><div class=\"price-wrapper\"><\/div>\t\t<\/div>\n\t<\/div>\n\t<span class=\"gtm4wp_productdata\" style=\"display:none; visibility:hidden;\" data-gtm4wp_product_data=\"{&quot;internal_id&quot;:2407,&quot;item_id&quot;:2407,&quot;item_name&quot;:&quot;RT1223 12V 2.3Ah Tam Bak\\u0131ms\\u0131z Kuru Tip AGM Ak\\u00fc&quot;,&quot;sku&quot;:2407,&quot;price&quot;:0,&quot;stocklevel&quot;:null,&quot;stockstatus&quot;:&quot;instock&quot;,&quot;google_business_vertical&quot;:&quot;retail&quot;,&quot;item_category&quot;:&quot;RT Serisi&quot;,&quot;id&quot;:2407,&quot;productlink&quot;:&quot;https:\\\/\\\/grundwelle.com.tr\\\/de\\\/urun\\\/rt1223-12v-2-3ah-tam-bakimsiz-kuru-tip-agm-aku-2\\\/&quot;,&quot;item_list_name&quot;:&quot;General Product List&quot;,&quot;index&quot;:7,&quot;product_type&quot;:&quot;simple&quot;,&quot;item_brand&quot;:&quot;&quot;}\"><\/span>\t<\/div>\n<\/div><div class=\"product-small col has-hover product type-product post-1773 status-publish last instock product_cat-bb-dzf-serie product_cat-blackbatt-de product_cat-elektrofahrrad-batterien product_cat-gel-batterien product_cat-motivsystem-batterien has-post-thumbnail shipping-taxable product-type-simple\">\n\t<div class=\"col-inner\">\n\t\n<div class=\"badge-container absolute left top z-1\">\n\n<\/div>\n\t<div class=\"product-small box \">\n\t\t<div class=\"box-image\">\n\t\t\t<div class=\"image-zoom\">\n\t\t\t\t<a href=\"https:\/\/grundwelle.com.tr\/de\/urun\/blackbatt-bb80-6-evf-12v-80ah-elektromotorrad-batterie\/\" aria-label=\"Blackbatt BB80-6 EVF 12V 80Ah Elektromotorrad Batterie\">\n\t\t\t\t\t<img loading=\"lazy\" decoding=\"async\" width=\"300\" height=\"300\" src=\"https:\/\/grundwelle.com.tr\/wp-content\/uploads\/2024\/02\/BB80-6-EVF-300x300.jpg\" class=\"attachment-woocommerce_thumbnail size-woocommerce_thumbnail\" alt=\"End\u00fcstriyel Enerji Sistemlerinde Jel Ak\u00fcler\" srcset=\"https:\/\/grundwelle.com.tr\/wp-content\/uploads\/2024\/02\/BB80-6-EVF-300x300.jpg 300w, https:\/\/grundwelle.com.tr\/wp-content\/uploads\/2024\/02\/BB80-6-EVF-150x150.jpg 150w, https:\/\/grundwelle.com.tr\/wp-content\/uploads\/2024\/02\/BB80-6-EVF-100x100.jpg 100w\" sizes=\"auto, (max-width: 300px) 100vw, 300px\" \/>\t\t\t\t<\/a>\n\t\t\t<\/div>\n\t\t\t<div class=\"image-tools is-small top right show-on-hover\">\n\t\t\t\t\t\t\t<\/div>\n\t\t\t<div class=\"image-tools is-small hide-for-small bottom left show-on-hover\">\n\t\t\t\t\t\t\t<\/div>\n\t\t\t<div class=\"image-tools grid-tools text-center hide-for-small bottom hover-slide-in show-on-hover\">\n\t\t\t\t\t\t\t<\/div>\n\t\t\t\t\t<\/div>\n\n\t\t<div class=\"box-text box-text-products\">\n\t\t\t<div class=\"title-wrapper\"><p class=\"name product-title woocommerce-loop-product__title\"><a href=\"https:\/\/grundwelle.com.tr\/de\/urun\/blackbatt-bb80-6-evf-12v-80ah-elektromotorrad-batterie\/\" class=\"woocommerce-LoopProduct-link woocommerce-loop-product__link\">Blackbatt BB80-6 EVF 12V 80Ah Elektromotorrad Batterie<\/a><\/p><\/div><div class=\"price-wrapper\"><\/div>\t\t<\/div>\n\t<\/div>\n\t<span class=\"gtm4wp_productdata\" style=\"display:none; visibility:hidden;\" data-gtm4wp_product_data=\"{&quot;internal_id&quot;:1773,&quot;item_id&quot;:1773,&quot;item_name&quot;:&quot;Blackbatt BB80-6 EVF 12V 80Ah Elektromotorrad Batterie&quot;,&quot;sku&quot;:1773,&quot;price&quot;:0,&quot;stocklevel&quot;:null,&quot;stockstatus&quot;:&quot;instock&quot;,&quot;google_business_vertical&quot;:&quot;retail&quot;,&quot;item_category&quot;:&quot;Blackbatt&quot;,&quot;id&quot;:1773,&quot;productlink&quot;:&quot;https:\\\/\\\/grundwelle.com.tr\\\/de\\\/urun\\\/blackbatt-bb80-6-evf-12v-80ah-elektromotorrad-batterie\\\/&quot;,&quot;item_list_name&quot;:&quot;General Product List&quot;,&quot;index&quot;:8,&quot;product_type&quot;:&quot;simple&quot;,&quot;item_brand&quot;:&quot;&quot;}\"><\/span>\t<\/div>\n<\/div><\/div>\n\t\t<\/div>\n\t\t\t\t\t<\/div>\n\n\t\n<\/div>\n\t\t<\/div>\n\n\t\t\n<style>\n#section_892126012 {\n  padding-top: 30px;\n  padding-bottom: 30px;\n}\n<\/style>\n\t<\/section>\n\t\n\n\t<section class=\"section\" id=\"section_207866999\">\n\t\t<div class=\"section-bg fill\" >\n\t\t\t\t\t\t\t\t\t\n\t\t\t\n\n\t\t<\/div>\n\n\t\t\n\n\t\t<div class=\"section-content relative\">\n\t\t\t\n<div class=\"row\"  id=\"row-497430190\">\n\n\t<div id=\"col-888593120\" class=\"col small-12 large-12\"  >\n\t\t\t\t<div class=\"col-inner\"  >\n\t\t\t\n\t\t\t\n<h2>Ladestationen f\u00fcr Elektrofahrzeuge<\/h2>\n<p>Elektrofahrzeuge nehmen als umweltfreundliche und nachhaltige Verkehrsmittel einen immer gr\u00f6\u00dferen Stellenwert ein. Im Zuge dieses Wandels stellen Ladestationen f\u00fcr Elektrofahrzeuge eine wichtige Infrastruktur dar, an der die Nutzer ihre Fahrzeuge aufladen k\u00f6nnen. Einer der wichtigsten Faktoren f\u00fcr Nutzer von Elektrofahrzeugen ist die Ladezeit. Schnellladestationen, die entwickelt wurden, um diesen Bedarf zu decken, bieten den Nutzern eine praktische L\u00f6sung, da sie in kurzer Zeit viel Energie liefern. Diese Bahnh\u00f6fe sind oft strategisch g\u00fcnstig gelegen, z. B. an Hauptverkehrswegen und in Gebieten mit intensiver Nutzung.&nbsp;<span>Schnellladestationen sind in der Lage, Elektrofahrzeuge in kurzer Zeit mit hoher Kapazit\u00e4t aufzuladen. Dies gew\u00e4hrleistet eine schnelle Energieversorgung, wenn der Nutzer lange Strecken zur\u00fccklegt oder sich in Notsituationen befindet.&nbsp; Schnellladestationen befinden sich in der Regel an Hauptverkehrsstra\u00dfen, in Stadtzentren und Einkaufszentren. Diese strategische Positionierung erm\u00f6glicht den Nutzern einen einfachen Zugang im Alltag oder auf langen Reisen.&nbsp;Diese Stationen befinden sich in Gebieten mit intensiver Nutzung und erm\u00f6glichen den Besitzern von Elektrofahrzeugen eine schnelle Aufladung, wann immer sie diese ben\u00f6tigen. Dies ist ein gro\u00dfer Vorteil f\u00fcr Nutzer, die innerhalb oder au\u00dferhalb der Stadt unterwegs sind.&nbsp;Schnellladestationen verf\u00fcgen \u00fcber moderne Technologien, die die Energie effizient verwalten. So k\u00f6nnen Elektrofahrzeuge den h\u00f6chsten Wirkungsgrad erreichen, den sie aus dem Netz beziehen k\u00f6nnen.&nbsp;<\/span>F\u00fcr die Nutzer von Elektrofahrzeugen stellen Schnellladestationen ein wichtiges Komfortelement dar, damit sie ihr Fahrzeug im Alltag und auf langen Reisen bequem nutzen k\u00f6nnen. Diese Stationen bieten eine umweltfreundliche Verkehrsalternative, indem sie die breite Nutzung von Elektrofahrzeugen unterst\u00fctzen.<\/p>\n<p>Elektrofahrzeuge, die eine umweltfreundliche und energiesparende Alternative darstellen, werden heute in St\u00e4dten und l\u00e4ndlichen Gebieten immer h\u00e4ufiger eingesetzt. Der t\u00e4gliche Ladebedarf dieser Fahrzeuge ist jedoch zu einem wichtigen Thema f\u00fcr ihre Nutzer geworden. Ladel\u00f6sungen f\u00fcr zu Hause und am Arbeitsplatz bieten Besitzern von Elektrofahrzeugen eine praktische und effektive L\u00f6sung. Diese L\u00f6sungen erf\u00fcllen den t\u00e4glichen Bedarf, indem das Fahrzeug \u00fcber Nacht aufgeladen werden kann. Eine der am h\u00e4ufigsten verwendeten L\u00f6sungen f\u00fcr Hausbesitzer sind Wandladeger\u00e4te. Mit diesen Ger\u00e4ten kann das Fahrzeug problemlos in der heimischen Garage oder auf dem Parkplatz aufgeladen werden. Wandladeger\u00e4te sind eine ideale Option, um den t\u00e4glichen Bedarf des Elektrofahrzeugs zu decken. Die Nutzer k\u00f6nnen ihre Fahrzeuge \u00fcber Nacht aufladen und am Morgen mit einer voll aufgeladenen Batterie abfahren. Zu den Vorteilen dieser L\u00f6sungen geh\u00f6ren die M\u00f6glichkeit f\u00fcr Hausbesitzer, Energiekosten zu sparen, und der Vorteil, ein umweltfreundliches Verkehrsmittel anzubieten. Ladestationen am Arbeitsplatz sind sehr praktisch, vor allem f\u00fcr diejenigen, die an einem Arbeitsplatz in der Stadt arbeiten. Die Mitarbeiter k\u00f6nnen ihre Arbeit fortsetzen, indem sie ihre Fahrzeuge am Arbeitsplatz aufladen. Ladestationen am Arbeitsplatz bieten nicht nur den Mitarbeitern, sondern auch den Besuchern schnelle und zug\u00e4ngliche Ladem\u00f6glichkeiten. Dies erm\u00f6glicht es dem Unternehmen, eine umweltfreundliche Verkehrspolitik zu betreiben. Mit dem Fortschritt der Technik haben sich auch bei den Ladel\u00f6sungen intelligente Systeme entwickelt. Diese Systeme optimieren die Energienutzung und sorgen f\u00fcr ein effizienteres Ladeerlebnis. Die Ladeger\u00e4te der neuen Generation sind ein wichtiger Schritt in Richtung Energieeffizienz. Dadurch wird der Stromverbrauch gesenkt und die Umweltbelastung minimiert. Die rasche Weiterentwicklung der Ladetechnologien wird in Zukunft zu fortschrittlicheren und benutzerfreundlicheren Ladel\u00f6sungen f\u00fchren. Dies wird die weitere Verbreitung von Elektrofahrzeugen unterst\u00fctzen.<\/p>\n<h2><span>Preismodelle und Abonnementsysteme<\/span><\/h2>\n<p>Ladestationen f\u00fcr Elektrofahrzeuge bieten ihren Nutzern verschiedene Lademodelle und Abonnementsysteme an. Diese Modelle bieten den Nutzern eine breite Palette von Optionen, die es ihnen erm\u00f6glichen, einen Zahlungsplan zu erstellen, der ihren Bed\u00fcrfnissen entspricht. An vielen Ladestationen k\u00f6nnen die Nutzer nach der Menge der geladenen Energie bezahlen. Bei diesem Geb\u00fchrenmodell wird ein bestimmter Preis pro Kilowatt festgelegt. Die Nutzer zahlen je nach Dauer der Aufladung ihres Fahrzeugs. Dieses Modell gew\u00e4hrleistet eine faire Verg\u00fctung entsprechend dem Energieverbrauch der Nutzer. Einige Ladestationen berechnen die Geb\u00fchren nach der Zeit, die die Nutzer pro Ladung verbringen. Bei diesem Modell zahlen die Nutzer f\u00fcr das, was sie f\u00fcr einen bestimmten Zeitraum berechnen. Dieses Lademodell wird von den Nutzern bevorzugt, wenn sie ihr Auto schnell aufladen wollen. Abonnementsysteme bieten den Nutzern die M\u00f6glichkeit, f\u00fcr einen bestimmten Zeitraum gegen eine bestimmte Geb\u00fchr unbegrenzt zu laden. Die Nutzer k\u00f6nnen w\u00e4hrend eines vom Sender festgelegten Zeitraums so viel laden, wie sie wollen, indem sie eine bestimmte Abonnementgeb\u00fchr zahlen. Dieses Modell ist eine wirtschaftliche Option f\u00fcr Nutzer, die regelm\u00e4\u00dfig nachladen m\u00fcssen. Einige Ladestationen bieten gemischte Lademodelle an, die sich an die verschiedenen Situationen und Bed\u00fcrfnisse der Nutzer anpassen. Sie bieten den Nutzern Flexibilit\u00e4t, indem sie die Abrechnung pro Kilowatt und das zeitbasierte Abrechnungsmodell kombinieren.<\/p>\n<p>Ladestationen f\u00fcr Elektrofahrzeuge sind heute in der Regel so konzipiert, dass sie \u00fcber ein Netz verbunden sind. Dies ist eine Verbesserung, die den Nutzern mehr Kontrolle und Informationen bietet. Besitzer von Elektrofahrzeugen k\u00f6nnen ihre Ladestationen \u00fcber ein Netzwerk verbinden, was eine Fern\u00fcberwachung und -steuerung erm\u00f6glicht. Dies erm\u00f6glicht den sofortigen Zugriff auf Informationen wie den Ladestatus des Fahrzeugs, die Verf\u00fcgbarkeit und die Ladezeiten. Vernetzte Ladestationen stellen ihren Nutzern Karten mit der regionalen Verf\u00fcgbarkeit zur Verf\u00fcgung. Die Nutzer k\u00f6nnen auf der Karte die Dichte und Verf\u00fcgbarkeit von Ladestationen in ihrer Umgebung sehen. W\u00e4hrend der Hauptnutzungszeiten k\u00f6nnen die Nutzer die Ladestationen im Voraus reservieren. Diese Funktion gibt den Nutzern mehr Sicherheit bei der Suche und Nutzung einer Ladestation.<\/p>\n<p><\/span><\/p>\n\t\t<\/div>\n\t\t\t\t\t<\/div>\n\n\t\n<\/div>\n\t\t<\/div>\n\n\t\t\n<style>\n#section_207866999 {\n  padding-top: 30px;\n  padding-bottom: 30px;\n}\n<\/style>\n\t<\/section>\n\t\n","protected":false},"excerpt":{"rendered":"","protected":false},"author":1,"featured_media":0,"parent":0,"menu_order":0,"comment_status":"closed","ping_status":"closed","template":"page-blank.php","meta":{"footnotes":""},"class_list":["post-1693","page","type-page","status-publish","hentry"],"_links":{"self":[{"href":"https:\/\/grundwelle.com.tr\/de\/wp-json\/wp\/v2\/pages\/1693","targetHints":{"allow":["GET"]}}],"collection":[{"href":"https:\/\/grundwelle.com.tr\/de\/wp-json\/wp\/v2\/pages"}],"about":[{"href":"https:\/\/grundwelle.com.tr\/de\/wp-json\/wp\/v2\/types\/page"}],"author":[{"embeddable":true,"href":"https:\/\/grundwelle.com.tr\/de\/wp-json\/wp\/v2\/users\/1"}],"replies":[{"embeddable":true,"href":"https:\/\/grundwelle.com.tr\/de\/wp-json\/wp\/v2\/comments?post=1693"}],"version-history":[{"count":2,"href":"https:\/\/grundwelle.com.tr\/de\/wp-json\/wp\/v2\/pages\/1693\/revisions"}],"predecessor-version":[{"id":1695,"href":"https:\/\/grundwelle.com.tr\/de\/wp-json\/wp\/v2\/pages\/1693\/revisions\/1695"}],"wp:attachment":[{"href":"https:\/\/grundwelle.com.tr\/de\/wp-json\/wp\/v2\/media?parent=1693"}],"curies":[{"name":"wp","href":"https:\/\/api.w.org\/{rel}","templated":true}]}}