{"id":1696,"date":"2023-12-28T09:45:15","date_gmt":"2023-12-28T09:45:15","guid":{"rendered":"https:\/\/grundwelle.com.tr\/energiespeichersysteme-ess\/"},"modified":"2024-02-02T08:59:16","modified_gmt":"2024-02-02T08:59:16","slug":"energiespeichersysteme-ess","status":"publish","type":"page","link":"https:\/\/grundwelle.com.tr\/de\/energiespeichersysteme-ess\/","title":{"rendered":"Energiespeichersysteme (ESS)"},"content":{"rendered":"\n\t<section class=\"section\" id=\"section_1018049585\">\n\t\t<div class=\"section-bg fill\" >\n\t\t\t\t\t\t\t\t\t\n\t\t\t\n\n\t\t<\/div>\n\n\t\t\n\n\t\t<div class=\"section-content relative\">\n\t\t\t\n  <div id=\"page-header-399910564\" class=\"page-header-wrapper\">\n  <div class=\"page-title dark normal-title\">\n\n        <div class=\"page-title-bg\">\n      <div class=\"title-bg fill bg-fill\"\n        data-parallax-container=\".page-title\"\n        data-parallax-background\n        data-parallax=\"-\">\n      <\/div>\n      <div class=\"title-overlay fill\"><\/div>\n    <\/div>\n    \n    <div class=\"page-title-inner container align-bottom flex-row medium-flex-wrap\" >\n              <div class=\"title-wrapper flex-col text-left medium-text-center\">\n          <h1 class=\"entry-title mb-0\">\n            Energiespeichersysteme (ESS)          <\/h1>\n        <\/div>\n                    <div class=\"title-content flex-col flex-right text-right medium-text-center\">\n        <div class=\"title-share pt-half pb-half\"><div class=\"social-icons share-icons share-row relative\" ><a href=\"whatsapp:\/\/send?text=Energiespeichersysteme%20%28ESS%29 - https:\/\/grundwelle.com.tr\/de\/energiespeichersysteme-ess\/\" data-action=\"share\/whatsapp\/share\" class=\"icon button circle is-outline tooltip whatsapp show-for-medium\" title=\"Auf WhatsApp teilen\" aria-label=\"Auf WhatsApp teilen\" ><i class=\"icon-whatsapp\" ><\/i><\/a><a href=\"https:\/\/www.facebook.com\/sharer.php?u=https:\/\/grundwelle.com.tr\/de\/energiespeichersysteme-ess\/\" data-label=\"Facebook\" onclick=\"window.open(this.href,this.title,'width=500,height=500,top=300px,left=300px'); return false;\" target=\"_blank\" class=\"icon button circle is-outline tooltip facebook\" title=\"Auf Facebook teilen\" aria-label=\"Auf Facebook teilen\" rel=\"noopener nofollow\" ><i class=\"icon-facebook\" ><\/i><\/a><a href=\"https:\/\/twitter.com\/share?url=https:\/\/grundwelle.com.tr\/de\/energiespeichersysteme-ess\/\" onclick=\"window.open(this.href,this.title,'width=500,height=500,top=300px,left=300px'); return false;\" target=\"_blank\" class=\"icon button circle is-outline tooltip twitter\" title=\"Auf Twitter teilen\" aria-label=\"Auf Twitter teilen\" rel=\"noopener nofollow\" ><i class=\"icon-twitter\" ><\/i><\/a><a href=\"mailto:?subject=Energiespeichersysteme%20%28ESS%29&body=Schau%20dir%20das%20an%3A%20https%3A%2F%2Fgrundwelle.com.tr%2Fde%2Fenergiespeichersysteme-ess%2F\" class=\"icon button circle is-outline tooltip email\" title=\"E-mail an einen Freund senden\" aria-label=\"E-mail an einen Freund senden\" rel=\"nofollow\" ><i class=\"icon-envelop\" ><\/i><\/a><a href=\"https:\/\/pinterest.com\/pin\/create\/button?url=https:\/\/grundwelle.com.tr\/de\/energiespeichersysteme-ess\/&media&description=Energiespeichersysteme%20%28ESS%29\" onclick=\"window.open(this.href,this.title,'width=500,height=500,top=300px,left=300px'); return false;\" target=\"_blank\" class=\"icon button circle is-outline tooltip pinterest\" title=\"Pinterest Pin erstellen\" aria-label=\"Pinterest Pin erstellen\" rel=\"noopener nofollow\" ><i class=\"icon-pinterest\" ><\/i><\/a><a href=\"https:\/\/www.linkedin.com\/shareArticle?mini=true&url=https:\/\/grundwelle.com.tr\/de\/energiespeichersysteme-ess\/&title=Energiespeichersysteme%20%28ESS%29\" onclick=\"window.open(this.href,this.title,'width=500,height=500,top=300px,left=300px'); return false;\" target=\"_blank\" class=\"icon button circle is-outline tooltip linkedin\" title=\"Auf LinkedIn teilen\" aria-label=\"Auf LinkedIn teilen\" rel=\"noopener nofollow\" ><i class=\"icon-linkedin\" ><\/i><\/a><\/div><\/div>      <\/div>\n    <\/div>\n\n     \n<style>\n#page-header-399910564 .page-title-inner {\n  min-height: 300px;\n}\n#page-header-399910564 .title-bg {\n  background-image: url(https:\/\/grundwelle.com.tr\/wp-content\/uploads\/2023\/12\/grundwelle-slide.jpg);\n}\n<\/style>\n  <\/div>\n    <\/div>\n  \n\t\t<\/div>\n\n\t\t\n<style>\n#section_1018049585 {\n  padding-top: 0px;\n  padding-bottom: 0px;\n}\n<\/style>\n\t<\/section>\n\t\n\n\t<section class=\"section\" id=\"section_1748241306\">\n\t\t<div class=\"section-bg fill\" >\n\t\t\t\t\t\t\t\t\t\n\t\t\t\n\n\t\t<\/div>\n\n\t\t\n\n\t\t<div class=\"section-content relative\">\n\t\t\t\n<div class=\"row\"  id=\"row-1358015697\">\n\n\t<div id=\"col-2083406105\" class=\"col small-12 large-12\"  >\n\t\t\t\t<div class=\"col-inner\"  >\n\t\t\t\n\t\t\t\n<div class=\"row\"  id=\"row-510490958\">\n\n\t<div id=\"col-233476300\" class=\"col small-12 large-12\"  >\n\t\t\t\t<div class=\"col-inner\"  >\n\t\t\t\n\t\t\t\n<h3><span style=\"color: #333333;\">VERWANDTE PRODUKTE<\/span><\/h3>\n\t\t<\/div>\n\t\t\t\t\t<\/div>\n\n\t\n<\/div>\n\t\n  \n    <div class=\"row large-columns-4 medium-columns-3 small-columns-2 row-small has-shadow row-box-shadow-1 row-box-shadow-2-hover\" >\n  \n\t     <div class=\"product-small col has-hover product type-product post-2521 status-publish first instock product_cat-sarj-aletleri product_cat-tum-urunler has-post-thumbnail shipping-taxable product-type-simple\">\n\t<div class=\"col-inner\">\n\t\n<div class=\"badge-container absolute left top z-1\">\n\n<\/div>\n\t<div class=\"product-small box \">\n\t\t<div class=\"box-image\">\n\t\t\t<div class=\"image-zoom\">\n\t\t\t\t<a href=\"https:\/\/grundwelle.com.tr\/de\/urun\/72v-60-80ah-elektrikli-motor-sarj-aleti\/\" aria-label=\"72V 60-80AH Elektrikli Motor \u015earj Aleti\">\n\t\t\t\t\t<img loading=\"lazy\" decoding=\"async\" width=\"300\" height=\"300\" src=\"https:\/\/grundwelle.com.tr\/wp-content\/uploads\/2024\/10\/72V-80-24AH-Elektrikli-Motor-Sarj-Aleti-300x300.png\" class=\"attachment-woocommerce_thumbnail size-woocommerce_thumbnail\" alt=\"Elektrikli Motorlar \u0130\u00e7in En \u0130yi 12V 80Ah Ak\u00fc ve \u015earj Aleti\" srcset=\"https:\/\/grundwelle.com.tr\/wp-content\/uploads\/2024\/10\/72V-80-24AH-Elektrikli-Motor-Sarj-Aleti-300x300.png 300w, https:\/\/grundwelle.com.tr\/wp-content\/uploads\/2024\/10\/72V-80-24AH-Elektrikli-Motor-Sarj-Aleti-150x150.png 150w, https:\/\/grundwelle.com.tr\/wp-content\/uploads\/2024\/10\/72V-80-24AH-Elektrikli-Motor-Sarj-Aleti-100x100.png 100w, https:\/\/grundwelle.com.tr\/wp-content\/uploads\/2024\/10\/72V-80-24AH-Elektrikli-Motor-Sarj-Aleti.png 500w\" sizes=\"auto, (max-width: 300px) 100vw, 300px\" \/>\t\t\t\t<\/a>\n\t\t\t<\/div>\n\t\t\t<div class=\"image-tools is-small top right show-on-hover\">\n\t\t\t\t\t\t\t<\/div>\n\t\t\t<div class=\"image-tools is-small hide-for-small bottom left show-on-hover\">\n\t\t\t\t\t\t\t<\/div>\n\t\t\t<div class=\"image-tools grid-tools text-center hide-for-small bottom hover-slide-in show-on-hover\">\n\t\t\t\t\t\t\t<\/div>\n\t\t\t\t\t<\/div>\n\n\t\t<div class=\"box-text box-text-products\">\n\t\t\t<div class=\"title-wrapper\"><p class=\"name product-title woocommerce-loop-product__title\"><a href=\"https:\/\/grundwelle.com.tr\/de\/urun\/72v-60-80ah-elektrikli-motor-sarj-aleti\/\" class=\"woocommerce-LoopProduct-link woocommerce-loop-product__link\">72V 60-80AH Elektrikli Motor \u015earj Aleti<\/a><\/p><\/div><div class=\"price-wrapper\"><\/div>\t\t<\/div>\n\t<\/div>\n\t<span class=\"gtm4wp_productdata\" style=\"display:none; visibility:hidden;\" data-gtm4wp_product_data=\"{&quot;internal_id&quot;:2521,&quot;item_id&quot;:2521,&quot;item_name&quot;:&quot;72V 60-80AH Elektrikli Motor \\u015earj Aleti&quot;,&quot;sku&quot;:2521,&quot;price&quot;:0,&quot;stocklevel&quot;:null,&quot;stockstatus&quot;:&quot;instock&quot;,&quot;google_business_vertical&quot;:&quot;retail&quot;,&quot;item_category&quot;:&quot;T\\u00fcm \\u00dcr\\u00fcnler&quot;,&quot;id&quot;:2521,&quot;productlink&quot;:&quot;https:\\\/\\\/grundwelle.com.tr\\\/de\\\/urun\\\/72v-60-80ah-elektrikli-motor-sarj-aleti\\\/&quot;,&quot;item_list_name&quot;:&quot;General Product List&quot;,&quot;index&quot;:1,&quot;product_type&quot;:&quot;simple&quot;,&quot;item_brand&quot;:&quot;&quot;}\"><\/span>\t<\/div>\n<\/div><div class=\"product-small col has-hover product type-product post-2522 status-publish instock product_cat-sarj-aletleri product_cat-tum-urunler has-post-thumbnail shipping-taxable product-type-simple\">\n\t<div class=\"col-inner\">\n\t\n<div class=\"badge-container absolute left top z-1\">\n\n<\/div>\n\t<div class=\"product-small box \">\n\t\t<div class=\"box-image\">\n\t\t\t<div class=\"image-zoom\">\n\t\t\t\t<a href=\"https:\/\/grundwelle.com.tr\/de\/urun\/12v-24v-aku-sarj-aleti\/\" aria-label=\"12V-24V Ak\u00fc \u015earj Aleti\">\n\t\t\t\t\t<img loading=\"lazy\" decoding=\"async\" width=\"300\" height=\"300\" src=\"https:\/\/grundwelle.com.tr\/wp-content\/uploads\/2024\/10\/1-3-300x300.png\" class=\"attachment-woocommerce_thumbnail size-woocommerce_thumbnail\" alt=\"60V 20AH Elektrikli Motor \u015earj Aleti\" srcset=\"https:\/\/grundwelle.com.tr\/wp-content\/uploads\/2024\/10\/1-3-300x300.png 300w, https:\/\/grundwelle.com.tr\/wp-content\/uploads\/2024\/10\/1-3-150x150.png 150w, https:\/\/grundwelle.com.tr\/wp-content\/uploads\/2024\/10\/1-3-100x100.png 100w, https:\/\/grundwelle.com.tr\/wp-content\/uploads\/2024\/10\/1-3.png 500w\" sizes=\"auto, (max-width: 300px) 100vw, 300px\" \/>\t\t\t\t<\/a>\n\t\t\t<\/div>\n\t\t\t<div class=\"image-tools is-small top right show-on-hover\">\n\t\t\t\t\t\t\t<\/div>\n\t\t\t<div class=\"image-tools is-small hide-for-small bottom left show-on-hover\">\n\t\t\t\t\t\t\t<\/div>\n\t\t\t<div class=\"image-tools grid-tools text-center hide-for-small bottom hover-slide-in show-on-hover\">\n\t\t\t\t\t\t\t<\/div>\n\t\t\t\t\t<\/div>\n\n\t\t<div class=\"box-text box-text-products\">\n\t\t\t<div class=\"title-wrapper\"><p class=\"name product-title woocommerce-loop-product__title\"><a href=\"https:\/\/grundwelle.com.tr\/de\/urun\/12v-24v-aku-sarj-aleti\/\" class=\"woocommerce-LoopProduct-link woocommerce-loop-product__link\">12V-24V Ak\u00fc \u015earj Aleti<\/a><\/p><\/div><div class=\"price-wrapper\"><\/div>\t\t<\/div>\n\t<\/div>\n\t<span class=\"gtm4wp_productdata\" style=\"display:none; visibility:hidden;\" data-gtm4wp_product_data=\"{&quot;internal_id&quot;:2522,&quot;item_id&quot;:2522,&quot;item_name&quot;:&quot;12V-24V Ak\\u00fc \\u015earj Aleti&quot;,&quot;sku&quot;:2522,&quot;price&quot;:0,&quot;stocklevel&quot;:null,&quot;stockstatus&quot;:&quot;instock&quot;,&quot;google_business_vertical&quot;:&quot;retail&quot;,&quot;item_category&quot;:&quot;T\\u00fcm \\u00dcr\\u00fcnler&quot;,&quot;id&quot;:2522,&quot;productlink&quot;:&quot;https:\\\/\\\/grundwelle.com.tr\\\/de\\\/urun\\\/12v-24v-aku-sarj-aleti\\\/&quot;,&quot;item_list_name&quot;:&quot;General Product List&quot;,&quot;index&quot;:2,&quot;product_type&quot;:&quot;simple&quot;,&quot;item_brand&quot;:&quot;&quot;}\"><\/span>\t<\/div>\n<\/div><div class=\"product-small col has-hover product type-product post-2517 status-publish instock product_cat-sarj-aletleri product_cat-tum-urunler has-post-thumbnail shipping-taxable product-type-simple\">\n\t<div class=\"col-inner\">\n\t\n<div class=\"badge-container absolute left top z-1\">\n\n<\/div>\n\t<div class=\"product-small box \">\n\t\t<div class=\"box-image\">\n\t\t\t<div class=\"image-zoom\">\n\t\t\t\t<a href=\"https:\/\/grundwelle.com.tr\/de\/urun\/48v-14ah-elektrikli-motor-sarj-aleti\/\" aria-label=\"48V 14AH Elektrikli Motor \u015earj Aleti\">\n\t\t\t\t\t<img loading=\"lazy\" decoding=\"async\" width=\"300\" height=\"300\" src=\"https:\/\/grundwelle.com.tr\/wp-content\/uploads\/2024\/10\/1-1-300x300.png\" class=\"attachment-woocommerce_thumbnail size-woocommerce_thumbnail\" alt=\"48V 14Ah \u015earj Aleti\" srcset=\"https:\/\/grundwelle.com.tr\/wp-content\/uploads\/2024\/10\/1-1-300x300.png 300w, https:\/\/grundwelle.com.tr\/wp-content\/uploads\/2024\/10\/1-1-150x150.png 150w, https:\/\/grundwelle.com.tr\/wp-content\/uploads\/2024\/10\/1-1-100x100.png 100w, https:\/\/grundwelle.com.tr\/wp-content\/uploads\/2024\/10\/1-1.png 500w\" sizes=\"auto, (max-width: 300px) 100vw, 300px\" \/>\t\t\t\t<\/a>\n\t\t\t<\/div>\n\t\t\t<div class=\"image-tools is-small top right show-on-hover\">\n\t\t\t\t\t\t\t<\/div>\n\t\t\t<div class=\"image-tools is-small hide-for-small bottom left show-on-hover\">\n\t\t\t\t\t\t\t<\/div>\n\t\t\t<div class=\"image-tools grid-tools text-center hide-for-small bottom hover-slide-in show-on-hover\">\n\t\t\t\t\t\t\t<\/div>\n\t\t\t\t\t<\/div>\n\n\t\t<div class=\"box-text box-text-products\">\n\t\t\t<div class=\"title-wrapper\"><p class=\"name product-title woocommerce-loop-product__title\"><a href=\"https:\/\/grundwelle.com.tr\/de\/urun\/48v-14ah-elektrikli-motor-sarj-aleti\/\" class=\"woocommerce-LoopProduct-link woocommerce-loop-product__link\">48V 14AH Elektrikli Motor \u015earj Aleti<\/a><\/p><\/div><div class=\"price-wrapper\"><\/div>\t\t<\/div>\n\t<\/div>\n\t<span class=\"gtm4wp_productdata\" style=\"display:none; visibility:hidden;\" data-gtm4wp_product_data=\"{&quot;internal_id&quot;:2517,&quot;item_id&quot;:2517,&quot;item_name&quot;:&quot;48V 14AH Elektrikli Motor \\u015earj Aleti&quot;,&quot;sku&quot;:2517,&quot;price&quot;:0,&quot;stocklevel&quot;:null,&quot;stockstatus&quot;:&quot;instock&quot;,&quot;google_business_vertical&quot;:&quot;retail&quot;,&quot;item_category&quot;:&quot;T\\u00fcm \\u00dcr\\u00fcnler&quot;,&quot;id&quot;:2517,&quot;productlink&quot;:&quot;https:\\\/\\\/grundwelle.com.tr\\\/de\\\/urun\\\/48v-14ah-elektrikli-motor-sarj-aleti\\\/&quot;,&quot;item_list_name&quot;:&quot;General Product List&quot;,&quot;index&quot;:3,&quot;product_type&quot;:&quot;simple&quot;,&quot;item_brand&quot;:&quot;&quot;}\"><\/span>\t<\/div>\n<\/div><div class=\"product-small col has-hover product type-product post-2518 status-publish last instock product_cat-sarj-aletleri product_cat-tum-urunler has-post-thumbnail shipping-taxable product-type-simple\">\n\t<div class=\"col-inner\">\n\t\n<div class=\"badge-container absolute left top z-1\">\n\n<\/div>\n\t<div class=\"product-small box \">\n\t\t<div class=\"box-image\">\n\t\t\t<div class=\"image-zoom\">\n\t\t\t\t<a href=\"https:\/\/grundwelle.com.tr\/de\/urun\/48v-20-24ah-elektrikli-motor-sarj-aleti\/\" aria-label=\"48V 20-24AH Elektrikli Motor \u015earj Aleti\">\n\t\t\t\t\t<img loading=\"lazy\" decoding=\"async\" width=\"300\" height=\"300\" src=\"https:\/\/grundwelle.com.tr\/wp-content\/uploads\/2024\/10\/1-1-300x300.png\" class=\"attachment-woocommerce_thumbnail size-woocommerce_thumbnail\" alt=\"48V 14Ah \u015earj Aleti\" srcset=\"https:\/\/grundwelle.com.tr\/wp-content\/uploads\/2024\/10\/1-1-300x300.png 300w, https:\/\/grundwelle.com.tr\/wp-content\/uploads\/2024\/10\/1-1-150x150.png 150w, https:\/\/grundwelle.com.tr\/wp-content\/uploads\/2024\/10\/1-1-100x100.png 100w, https:\/\/grundwelle.com.tr\/wp-content\/uploads\/2024\/10\/1-1.png 500w\" sizes=\"auto, (max-width: 300px) 100vw, 300px\" \/>\t\t\t\t<\/a>\n\t\t\t<\/div>\n\t\t\t<div class=\"image-tools is-small top right show-on-hover\">\n\t\t\t\t\t\t\t<\/div>\n\t\t\t<div class=\"image-tools is-small hide-for-small bottom left show-on-hover\">\n\t\t\t\t\t\t\t<\/div>\n\t\t\t<div class=\"image-tools grid-tools text-center hide-for-small bottom hover-slide-in show-on-hover\">\n\t\t\t\t\t\t\t<\/div>\n\t\t\t\t\t<\/div>\n\n\t\t<div class=\"box-text box-text-products\">\n\t\t\t<div class=\"title-wrapper\"><p class=\"name product-title woocommerce-loop-product__title\"><a href=\"https:\/\/grundwelle.com.tr\/de\/urun\/48v-20-24ah-elektrikli-motor-sarj-aleti\/\" class=\"woocommerce-LoopProduct-link woocommerce-loop-product__link\">48V 20-24AH Elektrikli Motor \u015earj Aleti<\/a><\/p><\/div><div class=\"price-wrapper\"><\/div>\t\t<\/div>\n\t<\/div>\n\t<span class=\"gtm4wp_productdata\" style=\"display:none; visibility:hidden;\" data-gtm4wp_product_data=\"{&quot;internal_id&quot;:2518,&quot;item_id&quot;:2518,&quot;item_name&quot;:&quot;48V 20-24AH Elektrikli Motor \\u015earj Aleti&quot;,&quot;sku&quot;:2518,&quot;price&quot;:0,&quot;stocklevel&quot;:null,&quot;stockstatus&quot;:&quot;instock&quot;,&quot;google_business_vertical&quot;:&quot;retail&quot;,&quot;item_category&quot;:&quot;T\\u00fcm \\u00dcr\\u00fcnler&quot;,&quot;id&quot;:2518,&quot;productlink&quot;:&quot;https:\\\/\\\/grundwelle.com.tr\\\/de\\\/urun\\\/48v-20-24ah-elektrikli-motor-sarj-aleti\\\/&quot;,&quot;item_list_name&quot;:&quot;General Product List&quot;,&quot;index&quot;:4,&quot;product_type&quot;:&quot;simple&quot;,&quot;item_brand&quot;:&quot;&quot;}\"><\/span>\t<\/div>\n<\/div><div class=\"product-small col has-hover product type-product post-2519 status-publish first instock product_cat-sarj-aletleri product_cat-tum-urunler has-post-thumbnail shipping-taxable product-type-simple\">\n\t<div class=\"col-inner\">\n\t\n<div class=\"badge-container absolute left top z-1\">\n\n<\/div>\n\t<div class=\"product-small box \">\n\t\t<div class=\"box-image\">\n\t\t\t<div class=\"image-zoom\">\n\t\t\t\t<a href=\"https:\/\/grundwelle.com.tr\/de\/urun\/60v-20-24ah-elektrikli-motor-sarj-aleti\/\" aria-label=\"60V 20-24AH Elektrikli Motor \u015earj Aleti\">\n\t\t\t\t\t<img loading=\"lazy\" decoding=\"async\" width=\"300\" height=\"300\" src=\"https:\/\/grundwelle.com.tr\/wp-content\/uploads\/2024\/10\/Elektrikli-Bisiklet-Akusu-1-300x300.png\" class=\"attachment-woocommerce_thumbnail size-woocommerce_thumbnail\" alt=\"72v 20ah \u015earj Aleti\" srcset=\"https:\/\/grundwelle.com.tr\/wp-content\/uploads\/2024\/10\/Elektrikli-Bisiklet-Akusu-1-300x300.png 300w, https:\/\/grundwelle.com.tr\/wp-content\/uploads\/2024\/10\/Elektrikli-Bisiklet-Akusu-1-150x150.png 150w, https:\/\/grundwelle.com.tr\/wp-content\/uploads\/2024\/10\/Elektrikli-Bisiklet-Akusu-1-100x100.png 100w\" sizes=\"auto, (max-width: 300px) 100vw, 300px\" \/>\t\t\t\t<\/a>\n\t\t\t<\/div>\n\t\t\t<div class=\"image-tools is-small top right show-on-hover\">\n\t\t\t\t\t\t\t<\/div>\n\t\t\t<div class=\"image-tools is-small hide-for-small bottom left show-on-hover\">\n\t\t\t\t\t\t\t<\/div>\n\t\t\t<div class=\"image-tools grid-tools text-center hide-for-small bottom hover-slide-in show-on-hover\">\n\t\t\t\t\t\t\t<\/div>\n\t\t\t\t\t<\/div>\n\n\t\t<div class=\"box-text box-text-products\">\n\t\t\t<div class=\"title-wrapper\"><p class=\"name product-title woocommerce-loop-product__title\"><a href=\"https:\/\/grundwelle.com.tr\/de\/urun\/60v-20-24ah-elektrikli-motor-sarj-aleti\/\" class=\"woocommerce-LoopProduct-link woocommerce-loop-product__link\">60V 20-24AH Elektrikli Motor \u015earj Aleti<\/a><\/p><\/div><div class=\"price-wrapper\"><\/div>\t\t<\/div>\n\t<\/div>\n\t<span class=\"gtm4wp_productdata\" style=\"display:none; visibility:hidden;\" data-gtm4wp_product_data=\"{&quot;internal_id&quot;:2519,&quot;item_id&quot;:2519,&quot;item_name&quot;:&quot;60V 20-24AH Elektrikli Motor \\u015earj Aleti&quot;,&quot;sku&quot;:2519,&quot;price&quot;:0,&quot;stocklevel&quot;:null,&quot;stockstatus&quot;:&quot;instock&quot;,&quot;google_business_vertical&quot;:&quot;retail&quot;,&quot;item_category&quot;:&quot;T\\u00fcm \\u00dcr\\u00fcnler&quot;,&quot;id&quot;:2519,&quot;productlink&quot;:&quot;https:\\\/\\\/grundwelle.com.tr\\\/de\\\/urun\\\/60v-20-24ah-elektrikli-motor-sarj-aleti\\\/&quot;,&quot;item_list_name&quot;:&quot;General Product List&quot;,&quot;index&quot;:5,&quot;product_type&quot;:&quot;simple&quot;,&quot;item_brand&quot;:&quot;&quot;}\"><\/span>\t<\/div>\n<\/div><div class=\"product-small col has-hover product type-product post-2520 status-publish instock product_cat-sarj-aletleri product_cat-tum-urunler has-post-thumbnail shipping-taxable product-type-simple\">\n\t<div class=\"col-inner\">\n\t\n<div class=\"badge-container absolute left top z-1\">\n\n<\/div>\n\t<div class=\"product-small box \">\n\t\t<div class=\"box-image\">\n\t\t\t<div class=\"image-zoom\">\n\t\t\t\t<a href=\"https:\/\/grundwelle.com.tr\/de\/urun\/72v-20-24ah-elektrikli-motor-sarj-aleti\/\" aria-label=\"72V 20-24AH Elektrikli Motor \u015earj Aleti\">\n\t\t\t\t\t<img loading=\"lazy\" decoding=\"async\" width=\"300\" height=\"300\" src=\"https:\/\/grundwelle.com.tr\/wp-content\/uploads\/2024\/10\/Elektrikli-Bisiklet-Akusu-1-300x300.png\" class=\"attachment-woocommerce_thumbnail size-woocommerce_thumbnail\" alt=\"72v 20ah \u015earj Aleti\" srcset=\"https:\/\/grundwelle.com.tr\/wp-content\/uploads\/2024\/10\/Elektrikli-Bisiklet-Akusu-1-300x300.png 300w, https:\/\/grundwelle.com.tr\/wp-content\/uploads\/2024\/10\/Elektrikli-Bisiklet-Akusu-1-150x150.png 150w, https:\/\/grundwelle.com.tr\/wp-content\/uploads\/2024\/10\/Elektrikli-Bisiklet-Akusu-1-100x100.png 100w\" sizes=\"auto, (max-width: 300px) 100vw, 300px\" \/>\t\t\t\t<\/a>\n\t\t\t<\/div>\n\t\t\t<div class=\"image-tools is-small top right show-on-hover\">\n\t\t\t\t\t\t\t<\/div>\n\t\t\t<div class=\"image-tools is-small hide-for-small bottom left show-on-hover\">\n\t\t\t\t\t\t\t<\/div>\n\t\t\t<div class=\"image-tools grid-tools text-center hide-for-small bottom hover-slide-in show-on-hover\">\n\t\t\t\t\t\t\t<\/div>\n\t\t\t\t\t<\/div>\n\n\t\t<div class=\"box-text box-text-products\">\n\t\t\t<div class=\"title-wrapper\"><p class=\"name product-title woocommerce-loop-product__title\"><a href=\"https:\/\/grundwelle.com.tr\/de\/urun\/72v-20-24ah-elektrikli-motor-sarj-aleti\/\" class=\"woocommerce-LoopProduct-link woocommerce-loop-product__link\">72V 20-24AH Elektrikli Motor \u015earj Aleti<\/a><\/p><\/div><div class=\"price-wrapper\"><\/div>\t\t<\/div>\n\t<\/div>\n\t<span class=\"gtm4wp_productdata\" style=\"display:none; visibility:hidden;\" data-gtm4wp_product_data=\"{&quot;internal_id&quot;:2520,&quot;item_id&quot;:2520,&quot;item_name&quot;:&quot;72V 20-24AH Elektrikli Motor \\u015earj Aleti&quot;,&quot;sku&quot;:2520,&quot;price&quot;:0,&quot;stocklevel&quot;:null,&quot;stockstatus&quot;:&quot;instock&quot;,&quot;google_business_vertical&quot;:&quot;retail&quot;,&quot;item_category&quot;:&quot;T\\u00fcm \\u00dcr\\u00fcnler&quot;,&quot;id&quot;:2520,&quot;productlink&quot;:&quot;https:\\\/\\\/grundwelle.com.tr\\\/de\\\/urun\\\/72v-20-24ah-elektrikli-motor-sarj-aleti\\\/&quot;,&quot;item_list_name&quot;:&quot;General Product List&quot;,&quot;index&quot;:6,&quot;product_type&quot;:&quot;simple&quot;,&quot;item_brand&quot;:&quot;&quot;}\"><\/span>\t<\/div>\n<\/div><div class=\"product-small col has-hover product type-product post-2407 status-publish instock product_cat-12v-2-3ah-aku product_cat-bakimsiz-kuru-tip-akuler product_cat-ritar-aku product_cat-rt-serisi has-post-thumbnail shipping-taxable product-type-simple\">\n\t<div class=\"col-inner\">\n\t\n<div class=\"badge-container absolute left top z-1\">\n\n<\/div>\n\t<div class=\"product-small box \">\n\t\t<div class=\"box-image\">\n\t\t\t<div class=\"image-zoom\">\n\t\t\t\t<a href=\"https:\/\/grundwelle.com.tr\/de\/urun\/rt1223-12v-2-3ah-tam-bakimsiz-kuru-tip-agm-aku-2\/\" aria-label=\"RT1223 12V 2.3Ah Tam Bak\u0131ms\u0131z Kuru Tip AGM Ak\u00fc\">\n\t\t\t\t\t<img loading=\"lazy\" decoding=\"async\" width=\"300\" height=\"300\" src=\"https:\/\/grundwelle.com.tr\/wp-content\/uploads\/2023\/12\/RT1223-300x300.jpg\" class=\"attachment-woocommerce_thumbnail size-woocommerce_thumbnail\" alt=\"RT1223\" srcset=\"https:\/\/grundwelle.com.tr\/wp-content\/uploads\/2023\/12\/RT1223-300x300.jpg 300w, https:\/\/grundwelle.com.tr\/wp-content\/uploads\/2023\/12\/RT1223-150x150.jpg 150w, https:\/\/grundwelle.com.tr\/wp-content\/uploads\/2023\/12\/RT1223-100x100.jpg 100w, https:\/\/grundwelle.com.tr\/wp-content\/uploads\/2023\/12\/RT1223.jpg 400w\" sizes=\"auto, (max-width: 300px) 100vw, 300px\" \/>\t\t\t\t<\/a>\n\t\t\t<\/div>\n\t\t\t<div class=\"image-tools is-small top right show-on-hover\">\n\t\t\t\t\t\t\t<\/div>\n\t\t\t<div class=\"image-tools is-small hide-for-small bottom left show-on-hover\">\n\t\t\t\t\t\t\t<\/div>\n\t\t\t<div class=\"image-tools grid-tools text-center hide-for-small bottom hover-slide-in show-on-hover\">\n\t\t\t\t\t\t\t<\/div>\n\t\t\t\t\t<\/div>\n\n\t\t<div class=\"box-text box-text-products\">\n\t\t\t<div class=\"title-wrapper\"><p class=\"name product-title woocommerce-loop-product__title\"><a href=\"https:\/\/grundwelle.com.tr\/de\/urun\/rt1223-12v-2-3ah-tam-bakimsiz-kuru-tip-agm-aku-2\/\" class=\"woocommerce-LoopProduct-link woocommerce-loop-product__link\">RT1223 12V 2.3Ah Tam Bak\u0131ms\u0131z Kuru Tip AGM Ak\u00fc<\/a><\/p><\/div><div class=\"price-wrapper\"><\/div>\t\t<\/div>\n\t<\/div>\n\t<span class=\"gtm4wp_productdata\" style=\"display:none; visibility:hidden;\" data-gtm4wp_product_data=\"{&quot;internal_id&quot;:2407,&quot;item_id&quot;:2407,&quot;item_name&quot;:&quot;RT1223 12V 2.3Ah Tam Bak\\u0131ms\\u0131z Kuru Tip AGM Ak\\u00fc&quot;,&quot;sku&quot;:2407,&quot;price&quot;:0,&quot;stocklevel&quot;:null,&quot;stockstatus&quot;:&quot;instock&quot;,&quot;google_business_vertical&quot;:&quot;retail&quot;,&quot;item_category&quot;:&quot;RT Serisi&quot;,&quot;id&quot;:2407,&quot;productlink&quot;:&quot;https:\\\/\\\/grundwelle.com.tr\\\/de\\\/urun\\\/rt1223-12v-2-3ah-tam-bakimsiz-kuru-tip-agm-aku-2\\\/&quot;,&quot;item_list_name&quot;:&quot;General Product List&quot;,&quot;index&quot;:7,&quot;product_type&quot;:&quot;simple&quot;,&quot;item_brand&quot;:&quot;&quot;}\"><\/span>\t<\/div>\n<\/div><div class=\"product-small col has-hover product type-product post-1773 status-publish last instock product_cat-bb-dzf-serie product_cat-blackbatt-de product_cat-elektrofahrrad-batterien product_cat-gel-batterien product_cat-motivsystem-batterien has-post-thumbnail shipping-taxable product-type-simple\">\n\t<div class=\"col-inner\">\n\t\n<div class=\"badge-container absolute left top z-1\">\n\n<\/div>\n\t<div class=\"product-small box \">\n\t\t<div class=\"box-image\">\n\t\t\t<div class=\"image-zoom\">\n\t\t\t\t<a href=\"https:\/\/grundwelle.com.tr\/de\/urun\/blackbatt-bb80-6-evf-12v-80ah-elektromotorrad-batterie\/\" aria-label=\"Blackbatt BB80-6 EVF 12V 80Ah Elektromotorrad Batterie\">\n\t\t\t\t\t<img loading=\"lazy\" decoding=\"async\" width=\"300\" height=\"300\" src=\"https:\/\/grundwelle.com.tr\/wp-content\/uploads\/2024\/02\/BB80-6-EVF-300x300.jpg\" class=\"attachment-woocommerce_thumbnail size-woocommerce_thumbnail\" alt=\"End\u00fcstriyel Enerji Sistemlerinde Jel Ak\u00fcler\" srcset=\"https:\/\/grundwelle.com.tr\/wp-content\/uploads\/2024\/02\/BB80-6-EVF-300x300.jpg 300w, https:\/\/grundwelle.com.tr\/wp-content\/uploads\/2024\/02\/BB80-6-EVF-150x150.jpg 150w, https:\/\/grundwelle.com.tr\/wp-content\/uploads\/2024\/02\/BB80-6-EVF-100x100.jpg 100w\" sizes=\"auto, (max-width: 300px) 100vw, 300px\" \/>\t\t\t\t<\/a>\n\t\t\t<\/div>\n\t\t\t<div class=\"image-tools is-small top right show-on-hover\">\n\t\t\t\t\t\t\t<\/div>\n\t\t\t<div class=\"image-tools is-small hide-for-small bottom left show-on-hover\">\n\t\t\t\t\t\t\t<\/div>\n\t\t\t<div class=\"image-tools grid-tools text-center hide-for-small bottom hover-slide-in show-on-hover\">\n\t\t\t\t\t\t\t<\/div>\n\t\t\t\t\t<\/div>\n\n\t\t<div class=\"box-text box-text-products\">\n\t\t\t<div class=\"title-wrapper\"><p class=\"name product-title woocommerce-loop-product__title\"><a href=\"https:\/\/grundwelle.com.tr\/de\/urun\/blackbatt-bb80-6-evf-12v-80ah-elektromotorrad-batterie\/\" class=\"woocommerce-LoopProduct-link woocommerce-loop-product__link\">Blackbatt BB80-6 EVF 12V 80Ah Elektromotorrad Batterie<\/a><\/p><\/div><div class=\"price-wrapper\"><\/div>\t\t<\/div>\n\t<\/div>\n\t<span class=\"gtm4wp_productdata\" style=\"display:none; visibility:hidden;\" data-gtm4wp_product_data=\"{&quot;internal_id&quot;:1773,&quot;item_id&quot;:1773,&quot;item_name&quot;:&quot;Blackbatt BB80-6 EVF 12V 80Ah Elektromotorrad Batterie&quot;,&quot;sku&quot;:1773,&quot;price&quot;:0,&quot;stocklevel&quot;:null,&quot;stockstatus&quot;:&quot;instock&quot;,&quot;google_business_vertical&quot;:&quot;retail&quot;,&quot;item_category&quot;:&quot;Motivsystem-Batterien&quot;,&quot;id&quot;:1773,&quot;productlink&quot;:&quot;https:\\\/\\\/grundwelle.com.tr\\\/de\\\/urun\\\/blackbatt-bb80-6-evf-12v-80ah-elektromotorrad-batterie\\\/&quot;,&quot;item_list_name&quot;:&quot;General Product List&quot;,&quot;index&quot;:8,&quot;product_type&quot;:&quot;simple&quot;,&quot;item_brand&quot;:&quot;&quot;}\"><\/span>\t<\/div>\n<\/div><\/div>\n\t\t<\/div>\n\t\t\t\t\t<\/div>\n\n\t\n<\/div>\n\t\t<\/div>\n\n\t\t\n<style>\n#section_1748241306 {\n  padding-top: 30px;\n  padding-bottom: 30px;\n}\n<\/style>\n\t<\/section>\n\t\n\n\t<section class=\"section\" id=\"section_1842373794\">\n\t\t<div class=\"section-bg fill\" >\n\t\t\t\t\t\t\t\t\t\n\t\t\t\n\n\t\t<\/div>\n\n\t\t\n\n\t\t<div class=\"section-content relative\">\n\t\t\t\n<div class=\"row\"  id=\"row-621452474\">\n\n\t<div id=\"col-1199237528\" class=\"col small-12 large-12\"  >\n\t\t\t\t<div class=\"col-inner\"  >\n\t\t\t\n\t\t\t\n<h2>Energiespeichersysteme (ESS)<\/h2>\n<p><a href=\"https:\/\/grundwelle.com.tr\/de\/\">Energiespeichersysteme<\/a> (ESS) sind Systeme, die in der Lage sind, Energie zu speichern und bei Bedarf wiederzuverwenden. Diese Systeme wurden entwickelt, um sich an die schwankende Energienachfrage anzupassen, die Energieeffizienz zu verbessern und eine nachhaltige Energienutzung zu f\u00f6rdern. Energiespeichersysteme (ESS) werden von Lithium-Ionen-Batterien gespeist, die die Grundlage der modernen Technologie bilden. Diese Batterien haben bei der Entwicklung der Energiespeichertechnologie eine wichtige Rolle gespielt und zeichnen sich durch eine Reihe von Vorteilen aus. Lithium-Ionen-Batterien bieten die M\u00f6glichkeit, gro\u00dfe Energiemengen auf kleinem Raum zu speichern. Dank dieser hohen Energiedichte k\u00f6nnen ESS kleiner und leichter sein, was Vorteile bei der Installation und Nutzung mit sich bringt. Lithium-Ionen-Batterien haben eine lange Lebensdauer. Ihre F\u00e4higkeit, regelm\u00e4\u00dfigen Lade-\/Entladezyklen standzuhalten, macht sie ideal f\u00fcr den langfristigen Einsatz. Diese Eigenschaft erh\u00f6ht die Nachhaltigkeit von Energiespeichersystemen. Lithium-Ionen-Batterien sind f\u00fcr ihre schnelle Lade-\/Entladef\u00e4higkeit bekannt. Dadurch kann die gespeicherte Energie schnell genutzt oder wieder aufgeladen werden. Schnelle Reaktionszeiten sorgen daf\u00fcr, dass der Energiebedarf sofort gedeckt wird. Lithium-Ionen-Batterien zeichnen sich als umweltfreundliche Option aus. Im Gegensatz zu herk\u00f6mmlichen Blei-S\u00e4ure-Batterien hat die Lithium-Ionen-Technologie weniger Auswirkungen auf die Umwelt. Au\u00dferdem ist es f\u00fcr die Nutzer sicherer, wenn sie \u00fcber sichere Lade-\/Entladekontrollsysteme verf\u00fcgen. Lithium-Ionen-Batterien k\u00f6nnen an verschiedene Anwendungsbereiche angepasst werden. Sie werden in einer Vielzahl von Anwendungen eingesetzt, von Energiespeichersystemen f\u00fcr Privathaushalte bis zu Elektrofahrzeugen, von tragbaren Ger\u00e4ten bis zu industriellen Energiespeicherl\u00f6sungen. Dies macht sie zu einer vielseitigen Energiespeicherl\u00f6sung. Diese eindeutigen Vorteile von Lithium-Ionen-Batterien in ESS haben die Entwicklung der Energiespeichertechnologie beschleunigt und eine nachhaltige Energienutzung gef\u00f6rdert. Der Aufstieg dieser Batterien steigert die Effektivit\u00e4t von Energiespeichersystemen und erh\u00f6ht das Potenzial, den k\u00fcnftigen Energiebedarf auf nachhaltigere Weise zu decken.<\/p>\n<p><a href=\"https:\/\/grundwelle.com.tr\/de\/\">Energiespeichersysteme<\/a> (ESS) zeichnen sich insbesondere durch die F\u00e4higkeit aus, Energie aus schwankenden und nicht kontinuierlichen Quellen wie Wind- und Sonnenenergie effektiv zu integrieren. Diese Integration stellt einen wichtigen Schritt in der Energieerzeugung dar und erh\u00f6ht die Kontinuit\u00e4t und Stabilit\u00e4t der erneuerbaren Energiequellen. Die Erzeugung von Wind- und Sonnenenergie schwankt je nach den nat\u00fcrlichen Gegebenheiten. Wenn der Energiebedarf jedoch nicht schwankt, ist es wichtig, diese Energie effektiv zu verwalten. ESS stabilisiert diese Schwankungen und stellt dank seiner Speicherkapazit\u00e4t Energie zur Verf\u00fcgung, wenn sie ben\u00f6tigt wird. ESS bieten die M\u00f6glichkeit, diese \u00fcbersch\u00fcssige Energie zu speichern, wenn mehr Energie erzeugt wird als Wind- und Sonnenenergie. An den Tagen, an denen die Sonnenkollektoren intensiv arbeiten oder die Windturbinen effektiv sind, kann \u00fcbersch\u00fcssige Energie gespeichert und bei Bedarf genutzt werden. Dies erh\u00f6ht die Kontinuit\u00e4t der Energieerzeugung und versorgt das Netz mit qualitativ hochwertiger Energie. Dank seiner Speicherkapazit\u00e4t kann das ESS die an sonnigen oder windigen Tagen erzeugte Energie speichern und je nach Bedarf des Nutzers abgeben. Dies gew\u00e4hrleistet eine stabilere Energieversorgung. Vor allem wenn der Energiebedarf zu bestimmten Tageszeiten hoch ist, kann die gespeicherte Energie schnell verbraucht werden. Die Speicherung von Wind- und Sonnenenergie tr\u00e4gt zur Verringerung der auf fossilen Brennstoffen basierenden Energieerzeugung bei. Dies erh\u00f6ht die \u00f6kologische Nachhaltigkeit. Dar\u00fcber hinaus kann die Nutzung gespeicherter Energie w\u00e4hrend der Spitzenzeiten des Energiebedarfs die Energiekosten senken.<\/p>\n<p>Energiespeichersysteme (ESS) spielen eine entscheidende Rolle als Notstromquelle. Insbesondere bei Netzausf\u00e4llen oder in Notfallsituationen gew\u00e4hrleisten Energiespeichersysteme die Betriebssicherheit, indem sie den Betrieb kritischer Systeme aufrechterhalten. ESS bieten die M\u00f6glichkeit, dank ihrer Energiespeicherkapazit\u00e4t unterbrechungsfrei Strom zu liefern. Bei Netzausf\u00e4llen k\u00f6nnen Energiespeichersysteme schnell in Betrieb genommen werden, um kritische Systeme zu versorgen. Es ist in der Lage, den Betrieb kritischer elektronischer Ger\u00e4te in wichtigen Einrichtungen oder in Notfallsituationen aufrechtzuerhalten. Energiespeichersysteme (ESS) bieten einen erheblichen Vorteil f\u00fcr industrielle und gewerbliche Nutzer, da sie zur Senkung der Energiekosten beitragen. Durch die Speicherung von Strom in Zeiten geringer Nachfrage und seine Nutzung in Zeiten hoher Nachfrage werden die Energieverbrauchskosten optimiert. ESS tragen zur Senkung der Energiekosten bei, indem sie elektrische Energie in Stunden mit geringem Energiebedarf speichern. In Zeiten geringer Nachfrage sind die Strompreise im Allgemeinen niedriger. Das Energiespeichersystem speichert w\u00e4hrend dieser Zeit elektrische Energie und nutzt sie bei Bedarf. In Zeiten hoher Nachfrage werden durch die Nutzung der gespeicherten Energie hohe Strompreise vermieden. Das ESS spielt eine wichtige Rolle f\u00fcr Umweltbewusstsein und Nachhaltigkeit. Eine effizientere Nutzung von Energie aus erneuerbaren Energiequellen tr\u00e4gt zur Reduzierung fossiler Brennstoffe und zur Verringerung des CO2-Fu\u00dfabdrucks bei. <a href=\"https:\/\/grundwelle.com.tr\/de\/\">Energiespeichersysteme<\/a> (ESS) symbolisieren den Wandel im Energiesektor. Indem sie eine effektivere Nutzung erneuerbarer Energiequellen erm\u00f6glicht, macht sie die Energiesysteme nachhaltiger und effizienter. ESS werden auch in Zukunft eine wichtige Komponente der Energieinfrastruktur sein.<\/p>\n\t\t<\/div>\n\t\t\t\t\t<\/div>\n\n\t\n<\/div>\n\t\t<\/div>\n\n\t\t\n<style>\n#section_1842373794 {\n  padding-top: 30px;\n  padding-bottom: 30px;\n}\n<\/style>\n\t<\/section>\n\t\n<div id=\"5411C9C5_E362_3B97_E59F_B7231BBF96D0\"><\/div>\n<div id=\"5411C9C5_E362_3B97_E59F_B7231BBF96D0\"><\/div>\n","protected":false},"excerpt":{"rendered":"","protected":false},"author":1,"featured_media":0,"parent":0,"menu_order":0,"comment_status":"closed","ping_status":"closed","template":"page-blank.php","meta":{"footnotes":""},"class_list":["post-1696","page","type-page","status-publish","hentry"],"_links":{"self":[{"href":"https:\/\/grundwelle.com.tr\/de\/wp-json\/wp\/v2\/pages\/1696","targetHints":{"allow":["GET"]}}],"collection":[{"href":"https:\/\/grundwelle.com.tr\/de\/wp-json\/wp\/v2\/pages"}],"about":[{"href":"https:\/\/grundwelle.com.tr\/de\/wp-json\/wp\/v2\/types\/page"}],"author":[{"embeddable":true,"href":"https:\/\/grundwelle.com.tr\/de\/wp-json\/wp\/v2\/users\/1"}],"replies":[{"embeddable":true,"href":"https:\/\/grundwelle.com.tr\/de\/wp-json\/wp\/v2\/comments?post=1696"}],"version-history":[{"count":2,"href":"https:\/\/grundwelle.com.tr\/de\/wp-json\/wp\/v2\/pages\/1696\/revisions"}],"predecessor-version":[{"id":1698,"href":"https:\/\/grundwelle.com.tr\/de\/wp-json\/wp\/v2\/pages\/1696\/revisions\/1698"}],"wp:attachment":[{"href":"https:\/\/grundwelle.com.tr\/de\/wp-json\/wp\/v2\/media?parent=1696"}],"curies":[{"name":"wp","href":"https:\/\/api.w.org\/{rel}","templated":true}]}}